{"id":9,"date":"2023-08-14T14:35:13","date_gmt":"2023-08-14T14:35:13","guid":{"rendered":"https:\/\/gefluegelhof-lueck.de\/?page_id=9"},"modified":"2026-08-03T07:13:57","modified_gmt":"2026-08-03T07:13:57","slug":"home","status":"publish","type":"page","link":"https:\/\/gefluegelhof-lueck.de\/","title":{"rendered":"Home"},"content":{"rendered":"<p>[et_pb_section fb_built=&#8220;1&#8243; custom_padding_last_edited=&#8220;on|phone&#8220; next_background_color=&#8220;#E9E3DB&#8220; admin_label=&#8220;Header&#8220; _builder_version=&#8220;4.17.4&#8243; _module_preset=&#8220;default&#8220; background_color=&#8220;#b08d7d&#8220; background_image=&#8220;https:\/\/gefluegelhof-lueck.de\/wp-content\/uploads\/2023\/10\/side-view-white-goose-standing-green-grass_kl.jpg&#8220; background_position=&#8220;top_right&#8220; background_horizontal_offset=&#8220;48%&#8220; background_vertical_offset=&#8220;46%&#8220; background_blend=&#8220;multiply&#8220; background_pattern_horizontal_offset=&#8220;74%&#8220; custom_padding=&#8220;100px||12vw|||&#8220; custom_padding_tablet=&#8220;50px||&#8220; custom_padding_phone=&#8220;0px|||&#8220; bottom_divider_style=&#8220;asymmetric4&#8243; bottom_divider_height=&#8220;114px&#8220; bottom_divider_repeat=&#8220;1x&#8220; bottom_divider_arrangement=&#8220;above_content&#8220; global_colors_info=&#8220;{}&#8220;][et_pb_row custom_padding_last_edited=&#8220;on|desktop&#8220; _builder_version=&#8220;4.17.4&#8243; _module_preset=&#8220;default&#8220; background_color=&#8220;RGBA(255,255,255,0)&#8220; custom_margin=&#8220;|||&#8220; custom_padding=&#8220;|30px||0px|false|false&#8220; custom_padding_tablet=&#8220;40px||&#8220; custom_padding_phone=&#8220;&#8220; global_colors_info=&#8220;{}&#8220;][et_pb_column type=&#8220;4_4&#8243; _builder_version=&#8220;4.16&#8243; _module_preset=&#8220;default&#8220; custom_padding=&#8220;|||&#8220; custom_padding_last_edited=&#8220;off|desktop&#8220; global_colors_info=&#8220;{}&#8220; custom_padding__hover=&#8220;|||&#8220;][et_pb_image src=&#8220;https:\/\/gefluegelhof-lueck.de\/wp-content\/uploads\/2023\/08\/16_11_09_Logo_Lueck_Regionale_Feinschmecker_PF_nur_Logo.png&#8220; title_text=&#8220;16_11_09_Logo_Lueck_Regionale_Feinschmecker_PF_nur_Logo&#8220; align=&#8220;center&#8220; _builder_version=&#8220;4.17.4&#8243; _module_preset=&#8220;default&#8220; width=&#8220;33%&#8220; global_colors_info=&#8220;{}&#8220;][\/et_pb_image][et_pb_text _builder_version=&#8220;4.17.4&#8243; _module_preset=&#8220;default&#8220; header_font=&#8220;Lora Medium||||||||&#8220; header_text_color=&#8220;#FFFFFF&#8220; header_font_size=&#8220;78px&#8220; header_letter_spacing=&#8220;-1px&#8220; header_line_height=&#8220;1.1em&#8220; header_font_size_tablet=&#8220;56px&#8220; header_font_size_phone=&#8220;40px&#8220; header_font_size_last_edited=&#8220;on|phone&#8220; locked=&#8220;off&#8220; global_colors_info=&#8220;{}&#8220;]<\/p>\n<h1 style=\"text-align: center;\">Gefl\u00fcgelhof\u00a0L\u00fcck<\/h1>\n<p>[\/et_pb_text][et_pb_text _builder_version=&#8220;4.17.4&#8243; _module_preset=&#8220;default&#8220; text_font=&#8220;Poppins Regular||||||||&#8220; text_font_size=&#8220;22px&#8220; header_font=&#8220;Lora Medium||||||||&#8220; header_text_color=&#8220;#000000&#8243; header_font_size=&#8220;78px&#8220; header_letter_spacing=&#8220;-1px&#8220; header_line_height=&#8220;1.1em&#8220; header_2_text_color=&#8220;#FFFFFF&#8220; header_2_line_height=&#8220;1.4em&#8220; header_font_size_tablet=&#8220;56px&#8220; header_font_size_phone=&#8220;40px&#8220; header_font_size_last_edited=&#8220;on|phone&#8220; locked=&#8220;off&#8220; global_colors_info=&#8220;{}&#8220;]<\/p>\n<h2 style=\"text-align: center;\">Gefl\u00fcgelhaltung, Eierf\u00e4rberei\u00a0und Nudelproduktion<br \/>mit Hand und Herz<\/h2>\n<p>[\/et_pb_text][et_pb_button button_text=&#8220;Zu unseren Produkten&#8220; button_alignment=&#8220;center&#8220; _builder_version=&#8220;4.17.4&#8243; _module_preset=&#8220;default&#8220; custom_button=&#8220;on&#8220; button_text_size=&#8220;18px&#8220; button_text_color=&#8220;#FFFFFF&#8220; button_bg_color=&#8220;RGBA(255,255,255,0)&#8220; button_border_width=&#8220;0px&#8220; button_border_radius=&#8220;-2px&#8220; button_font=&#8220;Lora Medium||||||||&#8220; button_icon=&#8220;&#x45;||divi||400&#8243; button_icon_color=&#8220;#FFFFFF&#8220; button_icon_placement=&#8220;left&#8220; button_on_hover=&#8220;off&#8220; global_colors_info=&#8220;{}&#8220; button_text_color__hover=&#8220;#DADFA9&#8243; button_text_color__hover_enabled=&#8220;on|hover&#8220; button_bg_color__hover=&#8220;RGBA(255,255,255,0)&#8220; button_bg_color__hover_enabled=&#8220;on|desktop&#8220; button_icon_color__hover=&#8220;#DADFA9&#8243; button_icon_color__hover_enabled=&#8220;on|desktop&#8220;][\/et_pb_button][\/et_pb_column][\/et_pb_row][\/et_pb_section][et_pb_section fb_built=&#8220;1&#8243; next_background_color=&#8220;#ffffff&#8220; disabled_on=&#8220;off|off|off&#8220; admin_label=&#8220;About&#8220; _builder_version=&#8220;4.17.4&#8243; _module_preset=&#8220;default&#8220; background_color=&#8220;#E9E3DB&#8220; custom_padding=&#8220;37px|||||&#8220; bottom_divider_style=&#8220;asymmetric3&#8243; bottom_divider_height=&#8220;90px&#8220; bottom_divider_repeat=&#8220;1x&#8220; locked=&#8220;off&#8220; global_colors_info=&#8220;{}&#8220;][et_pb_row column_structure=&#8220;1_2,1_2&#8243; use_custom_gutter=&#8220;on&#8220; make_equal=&#8220;on&#8220; _builder_version=&#8220;4.17.4&#8243; _module_preset=&#8220;default&#8220; module_alignment=&#8220;center&#8220; custom_margin=&#8220;|auto||auto|false|false&#8220; custom_padding=&#8220;|0px||0px|false|false&#8220; border_color_all=&#8220;#BFB3A9&#8243; global_colors_info=&#8220;{}&#8220;][et_pb_column type=&#8220;1_2&#8243; _builder_version=&#8220;4.16&#8243; _module_preset=&#8220;default&#8220; custom_padding=&#8220;|||&#8220; global_colors_info=&#8220;{}&#8220; custom_padding__hover=&#8220;|||&#8220;][et_pb_text _builder_version=&#8220;4.17.4&#8243; _module_preset=&#8220;default&#8220; text_font=&#8220;||||||||&#8220; text_font_size=&#8220;20px&#8220; text_line_height=&#8220;2em&#8220; header_font=&#8220;||||||||&#8220; header_2_font=&#8220;Lora|700|||||||&#8220; header_2_font_size=&#8220;40px&#8220; header_2_line_height=&#8220;1.2em&#8220; transform_scale_tablet=&#8220;&#8220; transform_scale_phone=&#8220;&#8220; transform_scale_last_edited=&#8220;on|desktop&#8220; transform_translate_tablet=&#8220;0px|0vw&#8220; transform_translate_phone=&#8220;&#8220; transform_translate_last_edited=&#8220;on|phone&#8220; transform_rotate_tablet=&#8220;&#8220; transform_rotate_phone=&#8220;&#8220; transform_rotate_last_edited=&#8220;on|desktop&#8220; transform_skew_tablet=&#8220;&#8220; transform_skew_phone=&#8220;&#8220; transform_skew_last_edited=&#8220;on|desktop&#8220; transform_origin_tablet=&#8220;&#8220; transform_origin_phone=&#8220;&#8220; transform_origin_last_edited=&#8220;on|desktop&#8220; z_index=&#8220;1&#8243; max_width=&#8220;520px&#8220; module_alignment=&#8220;left&#8220; text_font_size_tablet=&#8220;&#8220; text_font_size_phone=&#8220;16px&#8220; text_font_size_last_edited=&#8220;on|desktop&#8220; header_2_font_size_tablet=&#8220;&#8220; header_2_font_size_phone=&#8220;32px&#8220; header_2_font_size_last_edited=&#8220;on|desktop&#8220; locked=&#8220;off&#8220; global_colors_info=&#8220;{}&#8220;]<\/p>\n<h2><span style=\"color: #008000;\">Aktuelles<\/span> auf einen Blick:<\/h2>\n<p>[\/et_pb_text][\/et_pb_column][et_pb_column type=&#8220;1_2&#8243; _builder_version=&#8220;4.16&#8243; _module_preset=&#8220;default&#8220; custom_padding=&#8220;|||&#8220; global_colors_info=&#8220;{}&#8220; custom_padding__hover=&#8220;|||&#8220;][\/et_pb_column][\/et_pb_row][et_pb_row column_structure=&#8220;1_2,1_2&#8243; _builder_version=&#8220;4.17.4&#8243; _module_preset=&#8220;default&#8220; global_colors_info=&#8220;{}&#8220;][et_pb_column type=&#8220;1_2&#8243; _builder_version=&#8220;4.17.4&#8243; _module_preset=&#8220;default&#8220; global_colors_info=&#8220;{}&#8220;][et_pb_text disabled_on=&#8220;off|off|off&#8220; _builder_version=&#8220;4.17.4&#8243; _module_preset=&#8220;default&#8220; text_font=&#8220;||||||||&#8220; text_line_height=&#8220;1.5em&#8220; header_font=&#8220;||||||||&#8220; header_2_font=&#8220;Lora|700|||||||&#8220; header_2_font_size=&#8220;50px&#8220; header_2_line_height=&#8220;1.2em&#8220; transform_scale_tablet=&#8220;&#8220; transform_scale_phone=&#8220;&#8220; transform_scale_last_edited=&#8220;on|desktop&#8220; transform_translate_tablet=&#8220;0px|0vw&#8220; transform_translate_phone=&#8220;&#8220; transform_translate_last_edited=&#8220;on|phone&#8220; transform_rotate_tablet=&#8220;&#8220; transform_rotate_phone=&#8220;&#8220; transform_rotate_last_edited=&#8220;on|desktop&#8220; transform_skew_tablet=&#8220;&#8220; transform_skew_phone=&#8220;&#8220; transform_skew_last_edited=&#8220;on|desktop&#8220; transform_origin_tablet=&#8220;&#8220; transform_origin_phone=&#8220;&#8220; transform_origin_last_edited=&#8220;on|desktop&#8220; z_index=&#8220;1&#8243; max_width=&#8220;520px&#8220; module_alignment=&#8220;left&#8220; custom_padding=&#8220;||20px||false|false&#8220; text_font_size_tablet=&#8220;&#8220; text_font_size_phone=&#8220;16px&#8220; text_font_size_last_edited=&#8220;on|desktop&#8220; header_2_font_size_tablet=&#8220;&#8220; header_2_font_size_phone=&#8220;32px&#8220; header_2_font_size_last_edited=&#8220;on|desktop&#8220; border_color_bottom=&#8220;#FFFFFF&#8220; locked=&#8220;off&#8220; global_colors_info=&#8220;{}&#8220;]<\/p>\n<p><strong>Urlaubszeit 2026<\/strong><\/p>\n<p>Liebe Kunden,<\/p>\n<p>bitte beachten Sie in der Urlaubszeit unsere ge\u00e4nderten Verkaufszeiten an den Verkaufsstandorten und Wochenm\u00e4rkten.<\/p>\n<p>Unser Hofladen ist wie gewohnt, an den Wochentagen<\/p>\n<p>Mo. \u2013 Do. von 08:00 Uhr bis 13:00 Uhr<\/p>\n<p>Fr. von 08:00 Uhr bis 17:00 Uhr<\/p>\n<p>Sa. von 08:30 Uhr bis 12:00 Uhr <strong>(au\u00dfer am 15.08. wegen dem Feiertag)<\/strong><\/p>\n<p>f\u00fcr Sie ge\u00f6ffnet.<\/p>\n<p><strong>KW 33:<\/strong><\/p>\n<table width=\"511\" height=\"857\">\n<tbody>\n<tr>\n<td style=\"width: 142.234px;\">\n<p>Dienstag 11.08<\/p>\n<\/td>\n<td style=\"width: 367.062px;\">\n<p>\u00b7 Waldaschaff, Rechtenbach, Neuh\u00fctten, Partenstein<\/p>\n<\/td>\n<\/tr>\n<tr>\n<td style=\"width: 142.234px;\">\n<p>&nbsp;<\/p>\n<\/td>\n<td style=\"width: 367.062px;\">\n<p>&nbsp;<\/p>\n<\/td>\n<\/tr>\n<tr>\n<td style=\"width: 142.234px;\">\n<p>Mittwoch 12.08<\/p>\n<\/td>\n<td style=\"width: 367.062px;\">\n<p>\u00b7 Aschaffenburg Wochenmarkt<\/p>\n<\/td>\n<\/tr>\n<tr>\n<td style=\"width: 142.234px;\">\n<p>&nbsp;<\/p>\n<\/td>\n<td style=\"width: 367.062px;\">\n<p>\u00b7 Kahl Wochenmarkt<\/p>\n<\/td>\n<\/tr>\n<tr>\n<td style=\"width: 142.234px;\">\n<p><strong>kein Verkauf<\/strong><\/p>\n<\/td>\n<td style=\"width: 367.062px;\">\n<p>\u00b7 <strong>Gro\u00dfwallstadt, Trennfurt\/Klingenberg, Seckmauern, Breuberg<\/strong><\/p>\n<\/td>\n<\/tr>\n<tr>\n<td style=\"width: 142.234px;\">\n<p>&nbsp;<\/p>\n<\/td>\n<td style=\"width: 367.062px;\">\n<p><strong>\u00a0<\/strong><\/p>\n<\/td>\n<\/tr>\n<tr>\n<td style=\"width: 142.234px;\">\n<p>Donnerstag 13.08<\/p>\n<p><strong>Kein Verkauf<\/strong><\/p>\n<\/td>\n<td style=\"width: 367.062px;\">\n<p>\u00b7 <strong>Pfaffenhausen, Ruppertsh\u00fctten, Frammersbach, Wiesen, Heinrichsthal<\/strong><\/p>\n<\/td>\n<\/tr>\n<tr>\n<td style=\"width: 142.234px;\">\n<p>&nbsp;<\/p>\n<\/td>\n<td style=\"width: 367.062px;\">\n<p><strong>\u00a0<\/strong><\/p>\n<\/td>\n<\/tr>\n<tr>\n<td style=\"width: 142.234px;\">\n<p>Freitag 14.08<\/p>\n<\/td>\n<td style=\"width: 367.062px;\">\n<p>\u00b7 Gro\u00dfostheim Wochenmarkt<\/p>\n<\/td>\n<\/tr>\n<tr>\n<td style=\"width: 142.234px;\">\n<p><strong>\u00a0<\/strong><\/p>\n<\/td>\n<td style=\"width: 367.062px;\">\n<p>\u00b7 Aschaffenburg Wochenmarkt<\/p>\n<\/td>\n<\/tr>\n<tr>\n<td style=\"width: 142.234px;\">\n<p><strong>\u00a0<\/strong><\/p>\n<\/td>\n<td style=\"width: 367.062px;\">\n<p>\u00b7 Johannesberg, Glattbach<\/p>\n<\/td>\n<\/tr>\n<tr>\n<td style=\"width: 142.234px;\">\n<p><strong>kein Verkauf<\/strong><\/p>\n<\/td>\n<td style=\"width: 367.062px;\">\n<p>\u00b7 <strong>Obernburg, Brentanopark<\/strong><\/p>\n<\/td>\n<\/tr>\n<tr>\n<td style=\"width: 142.234px;\">\n<p><strong>\u00a0<\/strong><\/p>\n<\/td>\n<td style=\"width: 367.062px;\">\n<p><strong>\u00a0<\/strong><\/p>\n<\/td>\n<\/tr>\n<tr>\n<td style=\"width: 142.234px;\">\n<p>Samstag 15.08<\/p>\n<p><strong>Feiertag<\/strong><\/p>\n<p><strong>kein Verkauf<\/strong><\/p>\n<\/td>\n<td style=\"width: 367.062px;\">\n<p><span style=\"font-size: 16px;\">\u00b7 <\/span><strong style=\"font-size: 16px;\">Aschaffenburg Wochenmarkt (findet Freitag statt)<\/strong><\/p>\n<\/td>\n<\/tr>\n<\/tbody>\n<\/table>\n<p><strong>\u00a0<\/strong><\/p>\n<p><strong>KW 34:<\/strong><\/p>\n<table>\n<tbody>\n<tr>\n<td width=\"132\">\n<p>Dienstag 18.08<\/p>\n<p><strong>kein Verkauf<\/strong><\/p>\n<\/td>\n<td width=\"472\">\n<p>\u00b7 <strong>Waldaschaff, Rechtenbach, Neuh\u00fctten, Partenstein<\/strong><\/p>\n<\/td>\n<\/tr>\n<tr>\n<td width=\"132\">\n<p>&nbsp;<\/p>\n<\/td>\n<td width=\"472\">\n<p><strong>\u00a0<\/strong><\/p>\n<\/td>\n<\/tr>\n<tr>\n<td width=\"132\">\n<p>Mittwoch 19.08<\/p>\n<\/td>\n<td width=\"472\">\n<p>\u00b7 Aschaffenburg Wochenmarkt<\/p>\n<\/td>\n<\/tr>\n<tr>\n<td width=\"132\">\n<p>&nbsp;<\/p>\n<\/td>\n<td width=\"472\">\n<p>\u00b7 Kahl Wochenmarkt<\/p>\n<\/td>\n<\/tr>\n<tr>\n<td width=\"132\">\n<p>&nbsp;<\/p>\n<\/td>\n<td width=\"472\">\n<p>\u00b7 Gro\u00dfwallstadt, <span style=\"text-decoration: line-through;\">Trennfurt<\/span>\/Klingenberg, Seckmauern, Breuberg<\/p>\n<\/td>\n<\/tr>\n<tr>\n<td width=\"132\">\n<p>&nbsp;<\/p>\n<\/td>\n<td width=\"472\">\n<p>&nbsp;<\/p>\n<\/td>\n<\/tr>\n<tr>\n<td width=\"132\">\n<p>Donnerstag 20.08<\/p>\n<\/td>\n<td width=\"472\">\n<p>\u00b7 Pfaffenhausen, Ruppertsh\u00fctten, Frammersbach, Wiesen, Heinrichsthal<\/p>\n<\/td>\n<\/tr>\n<tr>\n<td width=\"132\">\n<p>&nbsp;<\/p>\n<\/td>\n<td width=\"472\">\n<p>&nbsp;<\/p>\n<\/td>\n<\/tr>\n<tr>\n<td width=\"132\">\n<p>Freitag 21.08<\/p>\n<\/td>\n<td width=\"472\">\n<p>\u00b7 Gro\u00dfostheim Wochenmarkt<\/p>\n<\/td>\n<\/tr>\n<tr>\n<td width=\"132\">\n<p><strong>kein Verkauf<\/strong><\/p>\n<\/td>\n<td width=\"472\">\n<p>\u00b7 <strong>Johannesberg, Glattbach<\/strong><\/p>\n<\/td>\n<\/tr>\n<tr>\n<td width=\"132\">\n<p><strong>\u00a0<\/strong><\/p>\n<\/td>\n<td width=\"472\">\n<p>\u00b7 Obernburg, Brentanopark<\/p>\n<\/td>\n<\/tr>\n<tr>\n<td width=\"132\">\n<p><strong>\u00a0<\/strong><\/p>\n<\/td>\n<td width=\"472\">\n<p>&nbsp;<\/p>\n<\/td>\n<\/tr>\n<tr>\n<td width=\"132\">\n<p>Samstag 22.08<\/p>\n<\/td>\n<td width=\"472\">\n<p>\u00b7 Aschaffenburg Wochenmarkt<\/p>\n<\/td>\n<\/tr>\n<\/tbody>\n<\/table>\n<p><strong>\u00a0<\/strong><\/p>\n<p><strong>\u00a0<\/strong><\/p>\n<p><strong>KW 35:<\/strong><\/p>\n<table>\n<tbody>\n<tr>\n<td width=\"132\">\n<p>Dienstag 25.08<\/p>\n<\/td>\n<td width=\"472\">\n<p>\u00b7 Waldaschaff, Rechtenbach, Neuh\u00fctten, Partenstein<\/p>\n<\/td>\n<\/tr>\n<tr>\n<td width=\"132\">\n<p>&nbsp;<\/p>\n<\/td>\n<td width=\"472\">\n<p>&nbsp;<\/p>\n<\/td>\n<\/tr>\n<tr>\n<td width=\"132\">\n<p>Mittwoch 26.08.<\/p>\n<\/td>\n<td width=\"472\">\n<p>\u00b7 Aschaffenburg Wochenmarkt<\/p>\n<\/td>\n<\/tr>\n<tr>\n<td width=\"132\">\n<p>&nbsp;<\/p>\n<\/td>\n<td width=\"472\">\n<p>\u00b7 Kahl Wochenmarkt<\/p>\n<\/td>\n<\/tr>\n<tr>\n<td width=\"132\">\n<p><strong>kein Verkauf<\/strong><\/p>\n<\/td>\n<td width=\"472\">\n<p>\u00b7 <strong>Gro\u00dfwallstadt, Trennfurt\/Klingenberg, Seckmauern, Breuberg<\/strong><\/p>\n<\/td>\n<\/tr>\n<tr>\n<td width=\"132\">\n<p>&nbsp;<\/p>\n<\/td>\n<td width=\"472\">\n<p><strong>\u00a0<\/strong><\/p>\n<\/td>\n<\/tr>\n<tr>\n<td width=\"132\">\n<p>Donnerstag 27.08<\/p>\n<p><strong>kein Verkauf<\/strong><\/p>\n<\/td>\n<td width=\"472\">\n<p>\u00b7 <strong>Pfaffenhausen, Ruppertsh\u00fctten, Frammersbach, Wiesen, Heinrichsthal <\/strong><\/p>\n<\/td>\n<\/tr>\n<tr>\n<td width=\"132\">\n<p>&nbsp;<\/p>\n<\/td>\n<td width=\"472\">\n<p>&nbsp;<\/p>\n<\/td>\n<\/tr>\n<tr>\n<td width=\"132\">\n<p>Freitag 28.08<\/p>\n<\/td>\n<td width=\"472\">\n<p>\u00b7 Gro\u00dfostheim Wochenmarkt<\/p>\n<\/td>\n<\/tr>\n<tr>\n<td width=\"132\">\n<p>&nbsp;<\/p>\n<\/td>\n<td width=\"472\">\n<p>\u00b7 Johannesberg, Glattbach<\/p>\n<\/td>\n<\/tr>\n<tr>\n<td width=\"132\">\n<p><strong>kein Verkauf<\/strong><\/p>\n<\/td>\n<td width=\"472\">\n<p>\u00b7 <strong>Obernburg, Brentanopark<\/strong><\/p>\n<\/td>\n<\/tr>\n<tr>\n<td width=\"132\">\n<p>Samstag 29.08<\/p>\n<p><strong>kein Verkauf<\/strong><\/p>\n<\/td>\n<td width=\"472\">\n<p>\u00b7 <strong>Aschaffenburg Wochenmarkt (Stadtfest)<\/strong><\/p>\n<\/td>\n<\/tr>\n<\/tbody>\n<\/table>\n<p><strong>\u00a0<\/strong><\/p>\n<p><strong>KW 36:<\/strong><\/p>\n<table>\n<tbody>\n<tr>\n<td width=\"132\">\n<p>Dienstag 01.09<\/p>\n<p><strong>kein Verkauf<\/strong><\/p>\n<\/td>\n<td width=\"472\">\n<p>\u00b7 <strong>Waldaschaff, Rechtenbach, Neuh\u00fctten, Partenstein<\/strong><\/p>\n<\/td>\n<\/tr>\n<tr>\n<td width=\"132\">\n<p>&nbsp;<\/p>\n<\/td>\n<td width=\"472\">\n<p>&nbsp;<\/p>\n<\/td>\n<\/tr>\n<tr>\n<td width=\"132\">\n<p>Mittwoch 02.09<\/p>\n<\/td>\n<td width=\"472\">\n<p>\u00b7 Aschaffenburg Wochenmarkt<\/p>\n<\/td>\n<\/tr>\n<tr>\n<td width=\"132\">\n<p><strong>\u00a0<\/strong><\/p>\n<\/td>\n<td width=\"472\">\n<p>\u00b7 Kahl Wochenmarkt<\/p>\n<\/td>\n<\/tr>\n<tr>\n<td width=\"132\">\n<p>&nbsp;<\/p>\n<\/td>\n<td width=\"472\">\n<p>\u00b7 Gro\u00dfwallstadt, Trennfurt\/<span style=\"text-decoration: line-through;\">Klingenberg<\/span>, Seckmauern, Breuberg<\/p>\n<\/td>\n<\/tr>\n<tr>\n<td width=\"132\">\n<p>&nbsp;<\/p>\n<\/td>\n<td width=\"472\">\n<p>&nbsp;<\/p>\n<\/td>\n<\/tr>\n<tr>\n<td width=\"132\">\n<p>Donnerstag 03.09<\/p>\n<\/td>\n<td width=\"472\">\n<p>\u00b7 Pfaffenhausen, Ruppertsh\u00fctten, Frammersbach, Wiesen, Heinrichsthal<\/p>\n<\/td>\n<\/tr>\n<tr>\n<td width=\"132\">\n<p>&nbsp;<\/p>\n<\/td>\n<td width=\"472\">\n<p>&nbsp;<\/p>\n<\/td>\n<\/tr>\n<tr>\n<td width=\"132\">\n<p>Freitag 04.09<\/p>\n<\/td>\n<td width=\"472\">\n<p>\u00b7 Gro\u00dfostheim Wochenmarkt<\/p>\n<\/td>\n<\/tr>\n<tr>\n<td width=\"132\">\n<p><strong>kein Verkauf<\/strong><\/p>\n<\/td>\n<td width=\"472\">\n<p>\u00b7 <strong>Obernburg, Brentanopark<\/strong><\/p>\n<\/td>\n<\/tr>\n<tr>\n<td width=\"132\">\n<p><strong>Kein Verkauf<\/strong><\/p>\n<\/td>\n<td width=\"472\">\n<p>\u00b7 <strong>Johannesberg, Glattbach<\/strong><\/p>\n<\/td>\n<\/tr>\n<tr>\n<td width=\"132\">\n<p>Samstag 05.09<\/p>\n<\/td>\n<td width=\"472\">\n<p>\u00b7 Aschaffenburg Wochenmarkt<\/p>\n<\/td>\n<\/tr>\n<\/tbody>\n<\/table>\n<p><strong>\u00a0<\/strong><\/p>\n<p><strong>KW 37:<\/strong><\/p>\n<table>\n<tbody>\n<tr>\n<td width=\"132\">\n<p>Dienstag 08.09<\/p>\n<\/td>\n<td width=\"472\">\n<p>\u00b7 Waldaschaff, Rechtenbach, Neuh\u00fctten, Partenstein<\/p>\n<\/td>\n<\/tr>\n<tr>\n<td width=\"132\">\n<p>&nbsp;<\/p>\n<\/td>\n<td width=\"472\">\n<p>&nbsp;<\/p>\n<\/td>\n<\/tr>\n<tr>\n<td width=\"132\">\n<p>Mittwoch 09.09<\/p>\n<\/td>\n<td width=\"472\">\n<p>\u00b7 Aschaffenburg Wochenmarkt<\/p>\n<\/td>\n<\/tr>\n<tr>\n<td width=\"132\">\n<p>&nbsp;<\/p>\n<\/td>\n<td width=\"472\">\n<p>\u00b7 Kahl Wochenmarkt<\/p>\n<\/td>\n<\/tr>\n<tr>\n<td width=\"132\">\n<p><strong>kein Verkauf<\/strong><\/p>\n<\/td>\n<td width=\"472\">\n<p>\u00b7 <strong>Gro\u00dfwallstadt, Trennfurt\/Klingenberg, Seckmauern, Breuberg<\/strong><\/p>\n<\/td>\n<\/tr>\n<tr>\n<td width=\"132\">\n<p><strong>\u00a0<\/strong><\/p>\n<\/td>\n<td width=\"472\">\n<p><strong>\u00a0<\/strong><\/p>\n<\/td>\n<\/tr>\n<tr>\n<td width=\"132\">\n<p>Donnerstag 10.09<\/p>\n<p><strong>Kein Verkauf<\/strong><\/p>\n<\/td>\n<td width=\"472\">\n<p>\u00b7 <strong>Pfaffenhausen, Ruppertsh\u00fctten, Frammersbach, Wiesen, Heinrichsthal<\/strong><\/p>\n<\/td>\n<\/tr>\n<tr>\n<td width=\"132\">\n<p>&nbsp;<\/p>\n<\/td>\n<td width=\"472\">\n<p><strong>\u00a0<\/strong><\/p>\n<\/td>\n<\/tr>\n<tr>\n<td width=\"132\">\n<p>Freitag 11.09<\/p>\n<\/td>\n<td width=\"472\">\n<p>\u00b7 Gro\u00dfostheim Wochenmarkt<\/p>\n<\/td>\n<\/tr>\n<tr>\n<td width=\"132\">\n<p><strong>kein Verkauf<\/strong><\/p>\n<\/td>\n<td width=\"472\">\n<p>\u00b7 <strong>Johannesberg, Glattbach<\/strong><\/p>\n<\/td>\n<\/tr>\n<tr>\n<td width=\"132\">\n<p><strong>Kein Verkauf<\/strong><\/p>\n<\/td>\n<td width=\"472\">\n<p>\u00b7 <strong>Obernburg, Brentanopark<\/strong><\/p>\n<\/td>\n<\/tr>\n<tr>\n<td width=\"132\">\n<p>Samstag12.09<\/p>\n<\/td>\n<td width=\"472\">\n<p>\u00b7 Aschaffenburg Wochenmarkt<\/p>\n<\/td>\n<\/tr>\n<\/tbody>\n<\/table>\n<p><strong>\u00a0<\/strong><\/p>\n<p><span style=\"color: #ff0000;\"><\/span><\/p>\n<p><span style=\"color: #ff0000;\"><\/span><\/p>\n<p>&nbsp;<\/p>\n<p>[\/et_pb_text][\/et_pb_column][et_pb_column type=&#8220;1_2&#8243; _builder_version=&#8220;4.17.4&#8243; _module_preset=&#8220;default&#8220; global_colors_info=&#8220;{}&#8220;][et_pb_text disabled_on=&#8220;off|off|off&#8220; _builder_version=&#8220;4.17.4&#8243; _module_preset=&#8220;default&#8220; text_font=&#8220;||||||||&#8220; text_line_height=&#8220;1.5em&#8220; header_font=&#8220;||||||||&#8220; header_2_font=&#8220;Lora|700|||||||&#8220; header_2_font_size=&#8220;50px&#8220; header_2_line_height=&#8220;1.2em&#8220; transform_scale_tablet=&#8220;&#8220; transform_scale_phone=&#8220;&#8220; transform_scale_last_edited=&#8220;on|desktop&#8220; transform_translate_tablet=&#8220;0px|0vw&#8220; transform_translate_phone=&#8220;&#8220; transform_translate_last_edited=&#8220;on|phone&#8220; transform_rotate_tablet=&#8220;&#8220; transform_rotate_phone=&#8220;&#8220; transform_rotate_last_edited=&#8220;on|desktop&#8220; transform_skew_tablet=&#8220;&#8220; transform_skew_phone=&#8220;&#8220; transform_skew_last_edited=&#8220;on|desktop&#8220; transform_origin_tablet=&#8220;&#8220; transform_origin_phone=&#8220;&#8220; transform_origin_last_edited=&#8220;on|desktop&#8220; z_index=&#8220;1&#8243; max_width=&#8220;520px&#8220; module_alignment=&#8220;left&#8220; text_font_size_tablet=&#8220;&#8220; text_font_size_phone=&#8220;16px&#8220; text_font_size_last_edited=&#8220;on|desktop&#8220; header_2_font_size_tablet=&#8220;&#8220; header_2_font_size_phone=&#8220;32px&#8220; header_2_font_size_last_edited=&#8220;on|desktop&#8220; locked=&#8220;off&#8220; global_colors_info=&#8220;{}&#8220;]<\/p>\n<p><span><b>Information zu Eierbestellungen:<\/b><\/span><\/p>\n<p><span>Wir haben aktuell ausreichend Eier (bunte sowie rohe) im Hofladen, an unseren Verkaufsstandorten und auf unseren Wochenm\u00e4rkten dabei. Eierbestellungen nehmen wir erst ab 200 Eiern entgegen. Wir bitten Sie daher von Eierbestellungen kleiner als 200 Eier abzusehen!<br \/><\/span><\/p>\n<p><strong>Danke f\u00fcr Ihr Verst\u00e4ndnis.<\/strong><\/p>\n<p>[\/et_pb_text][\/et_pb_column][\/et_pb_row][et_pb_row column_structure=&#8220;1_2,1_2&#8243; use_custom_gutter=&#8220;on&#8220; make_equal=&#8220;on&#8220; _builder_version=&#8220;4.17.4&#8243; _module_preset=&#8220;default&#8220; module_alignment=&#8220;center&#8220; custom_margin=&#8220;|auto||auto|false|false&#8220; custom_padding=&#8220;|0px||0px|false|false&#8220; border_color_all=&#8220;#BFB3A9&#8243; global_colors_info=&#8220;{}&#8220;][et_pb_column type=&#8220;1_2&#8243; _builder_version=&#8220;4.16&#8243; _module_preset=&#8220;default&#8220; custom_padding=&#8220;|||&#8220; global_colors_info=&#8220;{}&#8220; custom_padding__hover=&#8220;|||&#8220;][et_pb_text _builder_version=&#8220;4.17.4&#8243; _module_preset=&#8220;default&#8220; text_font=&#8220;||||||||&#8220; text_font_size=&#8220;20px&#8220; text_line_height=&#8220;2em&#8220; header_font=&#8220;||||||||&#8220; header_2_font=&#8220;Lora|700|||||||&#8220; header_2_font_size=&#8220;40px&#8220; header_2_line_height=&#8220;1.2em&#8220; header_3_line_height=&#8220;1.5em&#8220; transform_scale_tablet=&#8220;&#8220; transform_scale_phone=&#8220;&#8220; transform_scale_last_edited=&#8220;on|desktop&#8220; transform_translate_tablet=&#8220;0px|0vw&#8220; transform_translate_phone=&#8220;&#8220; transform_translate_last_edited=&#8220;on|phone&#8220; transform_rotate_tablet=&#8220;&#8220; transform_rotate_phone=&#8220;&#8220; transform_rotate_last_edited=&#8220;on|desktop&#8220; transform_skew_tablet=&#8220;&#8220; transform_skew_phone=&#8220;&#8220; transform_skew_last_edited=&#8220;on|desktop&#8220; transform_origin_tablet=&#8220;&#8220; transform_origin_phone=&#8220;&#8220; transform_origin_last_edited=&#8220;on|desktop&#8220; z_index=&#8220;1&#8243; max_width=&#8220;520px&#8220; module_alignment=&#8220;left&#8220; text_font_size_tablet=&#8220;&#8220; text_font_size_phone=&#8220;16px&#8220; text_font_size_last_edited=&#8220;on|desktop&#8220; header_2_font_size_tablet=&#8220;&#8220; header_2_font_size_phone=&#8220;32px&#8220; header_2_font_size_last_edited=&#8220;on|desktop&#8220; locked=&#8220;off&#8220; global_colors_info=&#8220;{}&#8220;]<\/p>\n<h3><strong><span>\u00d6ffnungszeiten Hofladen<\/span><\/strong><\/h3>\n<p>[\/et_pb_text][\/et_pb_column][et_pb_column type=&#8220;1_2&#8243; _builder_version=&#8220;4.16&#8243; _module_preset=&#8220;default&#8220; custom_padding=&#8220;|||&#8220; global_colors_info=&#8220;{}&#8220; custom_padding__hover=&#8220;|||&#8220;][\/et_pb_column][\/et_pb_row][et_pb_row column_structure=&#8220;1_3,1_3,1_3&#8243; use_custom_gutter=&#8220;on&#8220; gutter_width=&#8220;2&#8243; make_equal=&#8220;on&#8220; _builder_version=&#8220;4.17.4&#8243; _module_preset=&#8220;default&#8220; width=&#8220;100%&#8220; module_alignment=&#8220;center&#8220; custom_margin=&#8220;|auto||auto|false|false&#8220; custom_padding=&#8220;|0px||0px|false|false&#8220; border_color_all=&#8220;#BFB3A9&#8243; global_colors_info=&#8220;{}&#8220;][et_pb_column type=&#8220;1_3&#8243; _builder_version=&#8220;4.16&#8243; _module_preset=&#8220;default&#8220; custom_padding=&#8220;|||&#8220; global_colors_info=&#8220;{}&#8220; custom_padding__hover=&#8220;|||&#8220;][et_pb_text _builder_version=&#8220;4.17.4&#8243; _module_preset=&#8220;default&#8220; text_font=&#8220;||||||||&#8220; text_line_height=&#8220;1.5em&#8220; header_font=&#8220;||||||||&#8220; header_2_font=&#8220;Lora|700|||||||&#8220; header_2_font_size=&#8220;50px&#8220; header_2_line_height=&#8220;1.2em&#8220; header_3_line_height=&#8220;1.5em&#8220; header_4_text_color=&#8220;#2A6338&#8243; header_4_line_height=&#8220;1.5em&#8220; transform_scale_tablet=&#8220;&#8220; transform_scale_phone=&#8220;&#8220; transform_scale_last_edited=&#8220;on|desktop&#8220; transform_translate_tablet=&#8220;0px|0vw&#8220; transform_translate_phone=&#8220;&#8220; transform_translate_last_edited=&#8220;on|phone&#8220; transform_rotate_tablet=&#8220;&#8220; transform_rotate_phone=&#8220;&#8220; transform_rotate_last_edited=&#8220;on|desktop&#8220; transform_skew_tablet=&#8220;&#8220; transform_skew_phone=&#8220;&#8220; transform_skew_last_edited=&#8220;on|desktop&#8220; transform_origin_tablet=&#8220;&#8220; transform_origin_phone=&#8220;&#8220; transform_origin_last_edited=&#8220;on|desktop&#8220; z_index=&#8220;1&#8243; max_width=&#8220;520px&#8220; module_alignment=&#8220;left&#8220; custom_padding=&#8220;||20px||false|false&#8220; text_font_size_tablet=&#8220;&#8220; text_font_size_phone=&#8220;16px&#8220; text_font_size_last_edited=&#8220;on|desktop&#8220; header_2_font_size_tablet=&#8220;&#8220; header_2_font_size_phone=&#8220;32px&#8220; header_2_font_size_last_edited=&#8220;on|desktop&#8220; border_width_bottom=&#8220;2px&#8220; border_color_bottom=&#8220;#FFFFFF&#8220; locked=&#8220;off&#8220; global_colors_info=&#8220;{}&#8220;]<\/p>\n<p>Montag &#8211; Donnerstag<\/p>\n<p>08:00 &#8211; 13:00 Uhr\u00a0<\/p>\n<p>Freitags<\/p>\n<p>08:00 &#8211; 17:00 Uhr<\/p>\n<p>Samstags<\/p>\n<p>08:30 &#8211; 12:00 Uhr\u00a0<\/p>\n<p>&nbsp;<\/p>\n<p>[\/et_pb_text][\/et_pb_column][et_pb_column type=&#8220;1_3&#8243; _builder_version=&#8220;4.16&#8243; _module_preset=&#8220;default&#8220; custom_padding=&#8220;|||&#8220; global_colors_info=&#8220;{}&#8220; custom_padding__hover=&#8220;|||&#8220;][et_pb_text _builder_version=&#8220;4.17.4&#8243; _module_preset=&#8220;default&#8220; text_font=&#8220;||||||||&#8220; text_line_height=&#8220;1.5em&#8220; header_font=&#8220;||||||||&#8220; header_2_font=&#8220;Lora|700|||||||&#8220; header_2_font_size=&#8220;50px&#8220; header_2_line_height=&#8220;1.2em&#8220; header_3_line_height=&#8220;1.5em&#8220; header_4_text_color=&#8220;#2A6338&#8243; header_4_line_height=&#8220;1.5em&#8220; transform_scale_tablet=&#8220;&#8220; transform_scale_phone=&#8220;&#8220; transform_scale_last_edited=&#8220;on|desktop&#8220; transform_translate_tablet=&#8220;0px|0vw&#8220; transform_translate_phone=&#8220;&#8220; transform_translate_last_edited=&#8220;on|phone&#8220; transform_rotate_tablet=&#8220;&#8220; transform_rotate_phone=&#8220;&#8220; transform_rotate_last_edited=&#8220;on|desktop&#8220; transform_skew_tablet=&#8220;&#8220; transform_skew_phone=&#8220;&#8220; transform_skew_last_edited=&#8220;on|desktop&#8220; transform_origin_tablet=&#8220;&#8220; transform_origin_phone=&#8220;&#8220; transform_origin_last_edited=&#8220;on|desktop&#8220; z_index=&#8220;1&#8243; max_width=&#8220;520px&#8220; module_alignment=&#8220;left&#8220; custom_padding=&#8220;||20px||false|false&#8220; text_font_size_tablet=&#8220;&#8220; text_font_size_phone=&#8220;16px&#8220; text_font_size_last_edited=&#8220;on|desktop&#8220; header_2_font_size_tablet=&#8220;&#8220; header_2_font_size_phone=&#8220;32px&#8220; header_2_font_size_last_edited=&#8220;on|desktop&#8220; border_width_bottom=&#8220;2px&#8220; border_color_bottom=&#8220;#FFFFFF&#8220; locked=&#8220;off&#8220; global_colors_info=&#8220;{}&#8220;][\/et_pb_text][\/et_pb_column][et_pb_column type=&#8220;1_3&#8243; _builder_version=&#8220;4.16&#8243; _module_preset=&#8220;default&#8220; custom_padding=&#8220;|||&#8220; global_colors_info=&#8220;{}&#8220; custom_padding__hover=&#8220;|||&#8220;][et_pb_text _builder_version=&#8220;4.17.4&#8243; _module_preset=&#8220;default&#8220; text_font=&#8220;||||||||&#8220; text_line_height=&#8220;1.5em&#8220; header_font=&#8220;||||||||&#8220; header_2_font=&#8220;Lora|700|||||||&#8220; header_2_font_size=&#8220;50px&#8220; header_2_line_height=&#8220;1.2em&#8220; header_3_line_height=&#8220;1.5em&#8220; header_4_text_color=&#8220;#2A6338&#8243; header_4_line_height=&#8220;1.5em&#8220; transform_scale_tablet=&#8220;&#8220; transform_scale_phone=&#8220;&#8220; transform_scale_last_edited=&#8220;on|desktop&#8220; transform_translate_tablet=&#8220;0px|0vw&#8220; transform_translate_phone=&#8220;&#8220; transform_translate_last_edited=&#8220;on|phone&#8220; transform_rotate_tablet=&#8220;&#8220; transform_rotate_phone=&#8220;&#8220; transform_rotate_last_edited=&#8220;on|desktop&#8220; transform_skew_tablet=&#8220;&#8220; transform_skew_phone=&#8220;&#8220; transform_skew_last_edited=&#8220;on|desktop&#8220; transform_origin_tablet=&#8220;&#8220; transform_origin_phone=&#8220;&#8220; transform_origin_last_edited=&#8220;on|desktop&#8220; z_index=&#8220;1&#8243; max_width=&#8220;520px&#8220; module_alignment=&#8220;left&#8220; custom_padding=&#8220;||20px||false|false&#8220; text_font_size_tablet=&#8220;&#8220; text_font_size_phone=&#8220;16px&#8220; text_font_size_last_edited=&#8220;on|desktop&#8220; header_2_font_size_tablet=&#8220;&#8220; header_2_font_size_phone=&#8220;32px&#8220; header_2_font_size_last_edited=&#8220;on|desktop&#8220; border_width_bottom=&#8220;2px&#8220; border_color_bottom=&#8220;#FFFFFF&#8220; locked=&#8220;off&#8220; global_colors_info=&#8220;{}&#8220;]<\/p>\n<p><strong>Info zur Zahlung<\/strong><\/p>\n<p>Im Hofladen, an den Verkaufsstandorten und auf den M\u00e4rkten ist nur Barzahlung m\u00f6glich.<\/p>\n<p>&nbsp;<\/p>\n<p>&nbsp;<\/p>\n<p>&nbsp;<\/p>\n<p>&nbsp;<\/p>\n<p>[\/et_pb_text][\/et_pb_column][\/et_pb_row][et_pb_row column_structure=&#8220;1_2,1_2&#8243; use_custom_gutter=&#8220;on&#8220; make_equal=&#8220;on&#8220; _builder_version=&#8220;4.17.4&#8243; _module_preset=&#8220;default&#8220; module_alignment=&#8220;center&#8220; custom_margin=&#8220;-6px|auto||auto|false|false&#8220; custom_padding=&#8220;|0px||0px|false|false&#8220; border_color_all=&#8220;#BFB3A9&#8243; global_colors_info=&#8220;{}&#8220;][et_pb_column type=&#8220;1_2&#8243; _builder_version=&#8220;4.16&#8243; _module_preset=&#8220;default&#8220; custom_padding=&#8220;|||&#8220; global_colors_info=&#8220;{}&#8220; custom_padding__hover=&#8220;|||&#8220;][et_pb_text _builder_version=&#8220;4.17.4&#8243; _module_preset=&#8220;default&#8220; text_font=&#8220;||||||||&#8220; text_font_size=&#8220;20px&#8220; text_line_height=&#8220;2em&#8220; header_font=&#8220;||||||||&#8220; header_2_font=&#8220;Lora|700|||||||&#8220; header_2_font_size=&#8220;40px&#8220; header_2_line_height=&#8220;1.2em&#8220; header_3_line_height=&#8220;1.5em&#8220; transform_scale_tablet=&#8220;&#8220; transform_scale_phone=&#8220;&#8220; transform_scale_last_edited=&#8220;on|desktop&#8220; transform_translate_tablet=&#8220;0px|0vw&#8220; transform_translate_phone=&#8220;&#8220; transform_translate_last_edited=&#8220;on|phone&#8220; transform_rotate_tablet=&#8220;&#8220; transform_rotate_phone=&#8220;&#8220; transform_rotate_last_edited=&#8220;on|desktop&#8220; transform_skew_tablet=&#8220;&#8220; transform_skew_phone=&#8220;&#8220; transform_skew_last_edited=&#8220;on|desktop&#8220; transform_origin_tablet=&#8220;&#8220; transform_origin_phone=&#8220;&#8220; transform_origin_last_edited=&#8220;on|desktop&#8220; z_index=&#8220;1&#8243; max_width=&#8220;520px&#8220; module_alignment=&#8220;left&#8220; text_font_size_tablet=&#8220;&#8220; text_font_size_phone=&#8220;16px&#8220; text_font_size_last_edited=&#8220;on|desktop&#8220; header_2_font_size_tablet=&#8220;&#8220; header_2_font_size_phone=&#8220;32px&#8220; header_2_font_size_last_edited=&#8220;on|desktop&#8220; locked=&#8220;off&#8220; global_colors_info=&#8220;{}&#8220;]<\/p>\n<h3><strong><span>\u00d6ffnungszeiten Wochenm\u00e4rkte und Standorte<\/span><\/strong><\/h3>\n<p>[\/et_pb_text][\/et_pb_column][et_pb_column type=&#8220;1_2&#8243; _builder_version=&#8220;4.16&#8243; _module_preset=&#8220;default&#8220; custom_padding=&#8220;|||&#8220; global_colors_info=&#8220;{}&#8220; custom_padding__hover=&#8220;|||&#8220;][\/et_pb_column][\/et_pb_row][et_pb_row column_structure=&#8220;1_4,1_4,1_4,1_4&#8243; use_custom_gutter=&#8220;on&#8220; gutter_width=&#8220;2&#8243; make_equal=&#8220;on&#8220; _builder_version=&#8220;4.17.4&#8243; _module_preset=&#8220;default&#8220; width=&#8220;100%&#8220; module_alignment=&#8220;center&#8220; custom_margin=&#8220;|auto||auto|false|false&#8220; custom_padding=&#8220;|0px||0px|false|false&#8220; border_color_all=&#8220;#BFB3A9&#8243; global_colors_info=&#8220;{}&#8220;][et_pb_column type=&#8220;1_4&#8243; _builder_version=&#8220;4.16&#8243; _module_preset=&#8220;default&#8220; custom_padding=&#8220;|||&#8220; global_colors_info=&#8220;{}&#8220; custom_padding__hover=&#8220;|||&#8220;][et_pb_text _builder_version=&#8220;4.17.4&#8243; _module_preset=&#8220;default&#8220; text_font=&#8220;||||||||&#8220; text_line_height=&#8220;1.5em&#8220; header_font=&#8220;||||||||&#8220; header_2_font=&#8220;Lora|700|||||||&#8220; header_2_font_size=&#8220;50px&#8220; header_2_line_height=&#8220;1.2em&#8220; header_3_line_height=&#8220;1.5em&#8220; header_4_text_color=&#8220;#2A6338&#8243; header_4_line_height=&#8220;1.5em&#8220; transform_scale_tablet=&#8220;&#8220; transform_scale_phone=&#8220;&#8220; transform_scale_last_edited=&#8220;on|desktop&#8220; transform_translate_tablet=&#8220;0px|0vw&#8220; transform_translate_phone=&#8220;&#8220; transform_translate_last_edited=&#8220;on|phone&#8220; transform_rotate_tablet=&#8220;&#8220; transform_rotate_phone=&#8220;&#8220; transform_rotate_last_edited=&#8220;on|desktop&#8220; transform_skew_tablet=&#8220;&#8220; transform_skew_phone=&#8220;&#8220; transform_skew_last_edited=&#8220;on|desktop&#8220; transform_origin_tablet=&#8220;&#8220; transform_origin_phone=&#8220;&#8220; transform_origin_last_edited=&#8220;on|desktop&#8220; z_index=&#8220;1&#8243; max_width=&#8220;520px&#8220; module_alignment=&#8220;left&#8220; custom_padding=&#8220;||20px||false|false&#8220; text_font_size_tablet=&#8220;&#8220; text_font_size_phone=&#8220;16px&#8220; text_font_size_last_edited=&#8220;on|desktop&#8220; header_2_font_size_tablet=&#8220;&#8220; header_2_font_size_phone=&#8220;32px&#8220; header_2_font_size_last_edited=&#8220;on|desktop&#8220; border_width_bottom=&#8220;2px&#8220; border_color_bottom=&#8220;#FFFFFF&#8220; locked=&#8220;off&#8220; global_colors_info=&#8220;{}&#8220;]<\/p>\n<h4><strong>Wochenmarkt Aschaffenburg<\/strong><\/h4>\n<p>\u00a0Mittwochs &amp; Samstags\u00a0\u00a0<\/p>\n<p>07:00 &#8211; 13:00 Uhr\u00a0<\/p>\n<blockquote><\/blockquote>\n<blockquote><\/blockquote>\n<p>&nbsp;<\/p>\n<p>[\/et_pb_text][\/et_pb_column][et_pb_column type=&#8220;1_4&#8243; _builder_version=&#8220;4.16&#8243; _module_preset=&#8220;default&#8220; custom_padding=&#8220;|||&#8220; global_colors_info=&#8220;{}&#8220; custom_padding__hover=&#8220;|||&#8220;][et_pb_text _builder_version=&#8220;4.17.4&#8243; _module_preset=&#8220;default&#8220; text_font=&#8220;||||||||&#8220; text_line_height=&#8220;1.5em&#8220; header_font=&#8220;||||||||&#8220; header_2_font=&#8220;Lora|700|||||||&#8220; header_2_font_size=&#8220;50px&#8220; header_2_line_height=&#8220;1.2em&#8220; header_3_line_height=&#8220;1.5em&#8220; header_4_text_color=&#8220;#2A6338&#8243; header_4_line_height=&#8220;1.5em&#8220; transform_scale_tablet=&#8220;&#8220; transform_scale_phone=&#8220;&#8220; transform_scale_last_edited=&#8220;on|desktop&#8220; transform_translate_tablet=&#8220;0px|0vw&#8220; transform_translate_phone=&#8220;&#8220; transform_translate_last_edited=&#8220;on|phone&#8220; transform_rotate_tablet=&#8220;&#8220; transform_rotate_phone=&#8220;&#8220; transform_rotate_last_edited=&#8220;on|desktop&#8220; transform_skew_tablet=&#8220;&#8220; transform_skew_phone=&#8220;&#8220; transform_skew_last_edited=&#8220;on|desktop&#8220; transform_origin_tablet=&#8220;&#8220; transform_origin_phone=&#8220;&#8220; transform_origin_last_edited=&#8220;on|desktop&#8220; z_index=&#8220;1&#8243; max_width=&#8220;520px&#8220; module_alignment=&#8220;left&#8220; custom_padding=&#8220;||20px||false|false&#8220; text_font_size_tablet=&#8220;&#8220; text_font_size_phone=&#8220;16px&#8220; text_font_size_last_edited=&#8220;on|desktop&#8220; header_2_font_size_tablet=&#8220;&#8220; header_2_font_size_phone=&#8220;32px&#8220; header_2_font_size_last_edited=&#8220;on|desktop&#8220; border_width_bottom=&#8220;2px&#8220; border_color_bottom=&#8220;#FFFFFF&#8220; locked=&#8220;off&#8220; global_colors_info=&#8220;{}&#8220;]<\/p>\n<h4><strong>Wochenmarkt Kahl<\/strong><\/h4>\n<p>\u00a0Mittwochs<strong><\/strong><\/p>\n<p>14:00 &#8211; 18:00 Uhr<\/p>\n<p>&nbsp;<\/p>\n<p>[\/et_pb_text][\/et_pb_column][et_pb_column type=&#8220;1_4&#8243; _builder_version=&#8220;4.16&#8243; _module_preset=&#8220;default&#8220; custom_padding=&#8220;|||&#8220; global_colors_info=&#8220;{}&#8220; custom_padding__hover=&#8220;|||&#8220;][et_pb_text _builder_version=&#8220;4.17.4&#8243; _module_preset=&#8220;default&#8220; text_font=&#8220;||||||||&#8220; text_line_height=&#8220;1.5em&#8220; header_font=&#8220;||||||||&#8220; header_2_font=&#8220;Lora|700|||||||&#8220; header_2_font_size=&#8220;50px&#8220; header_2_line_height=&#8220;1.2em&#8220; header_3_line_height=&#8220;1.5em&#8220; header_4_text_color=&#8220;#2A6338&#8243; header_4_line_height=&#8220;1.5em&#8220; transform_scale_tablet=&#8220;&#8220; transform_scale_phone=&#8220;&#8220; transform_scale_last_edited=&#8220;on|desktop&#8220; transform_translate_tablet=&#8220;0px|0vw&#8220; transform_translate_phone=&#8220;&#8220; transform_translate_last_edited=&#8220;on|phone&#8220; transform_rotate_tablet=&#8220;&#8220; transform_rotate_phone=&#8220;&#8220; transform_rotate_last_edited=&#8220;on|desktop&#8220; transform_skew_tablet=&#8220;&#8220; transform_skew_phone=&#8220;&#8220; transform_skew_last_edited=&#8220;on|desktop&#8220; transform_origin_tablet=&#8220;&#8220; transform_origin_phone=&#8220;&#8220; transform_origin_last_edited=&#8220;on|desktop&#8220; z_index=&#8220;1&#8243; max_width=&#8220;520px&#8220; module_alignment=&#8220;left&#8220; custom_padding=&#8220;||20px||false|false&#8220; text_font_size_tablet=&#8220;&#8220; text_font_size_phone=&#8220;16px&#8220; text_font_size_last_edited=&#8220;on|desktop&#8220; header_2_font_size_tablet=&#8220;&#8220; header_2_font_size_phone=&#8220;32px&#8220; header_2_font_size_last_edited=&#8220;on|desktop&#8220; border_width_bottom=&#8220;2px&#8220; border_color_bottom=&#8220;#FFFFFF&#8220; locked=&#8220;off&#8220; global_colors_info=&#8220;{}&#8220;]<\/p>\n<h4><strong>Wochenmarkt Gro\u00dfostheim<\/strong><\/h4>\n<p>Freitags<\/p>\n<p>09:00 &#8211; 14:00 Uhr<\/p>\n<p>&nbsp;<\/p>\n<p>&nbsp;<\/p>\n<p>&nbsp;<\/p>\n<p>[\/et_pb_text][\/et_pb_column][et_pb_column type=&#8220;1_4&#8243; _builder_version=&#8220;4.16&#8243; _module_preset=&#8220;default&#8220; custom_padding=&#8220;|||&#8220; global_colors_info=&#8220;{}&#8220; custom_padding__hover=&#8220;|||&#8220;][et_pb_text _builder_version=&#8220;4.17.4&#8243; _module_preset=&#8220;default&#8220; text_font=&#8220;||||||||&#8220; text_line_height=&#8220;1.5em&#8220; header_font=&#8220;||||||||&#8220; header_2_font=&#8220;Lora|700|||||||&#8220; header_2_font_size=&#8220;50px&#8220; header_2_line_height=&#8220;1.2em&#8220; header_3_line_height=&#8220;1.5em&#8220; header_4_text_color=&#8220;#2A6338&#8243; header_4_line_height=&#8220;1.5em&#8220; transform_scale_tablet=&#8220;&#8220; transform_scale_phone=&#8220;&#8220; transform_scale_last_edited=&#8220;on|desktop&#8220; transform_translate_tablet=&#8220;0px|0vw&#8220; transform_translate_phone=&#8220;&#8220; transform_translate_last_edited=&#8220;on|phone&#8220; transform_rotate_tablet=&#8220;&#8220; transform_rotate_phone=&#8220;&#8220; transform_rotate_last_edited=&#8220;on|desktop&#8220; transform_skew_tablet=&#8220;&#8220; transform_skew_phone=&#8220;&#8220; transform_skew_last_edited=&#8220;on|desktop&#8220; transform_origin_tablet=&#8220;&#8220; transform_origin_phone=&#8220;&#8220; transform_origin_last_edited=&#8220;on|desktop&#8220; z_index=&#8220;1&#8243; max_width=&#8220;520px&#8220; module_alignment=&#8220;left&#8220; custom_padding=&#8220;||20px||false|false&#8220; text_font_size_tablet=&#8220;&#8220; text_font_size_phone=&#8220;16px&#8220; text_font_size_last_edited=&#8220;on|desktop&#8220; header_2_font_size_tablet=&#8220;&#8220; header_2_font_size_phone=&#8220;32px&#8220; header_2_font_size_last_edited=&#8220;on|desktop&#8220; border_width_bottom=&#8220;2px&#8220; border_color_bottom=&#8220;#FFFFFF&#8220; locked=&#8220;off&#8220; global_colors_info=&#8220;{}&#8220;]<\/p>\n<h4><strong>\u00a0Touren-Standorte<\/strong><\/h4>\n<p><strong>Dienstag,<\/strong>\u00a0 \u00a0 \u00a0 \u00a0 \u00a0 \u00a0 \u00a0 \u00a0 Waldaschaff, Rechtenbach, Neuh\u00fctten, Partenstein<\/p>\n<p><strong>Mittwoch,\u00a0 \u00a0 \u00a0 \u00a0 \u00a0 \u00a0 \u00a0 \u00a0 \u00a0 \u00a0 \u00a0 <\/strong><span style=\"color: #f70000;\"><span style=\"color: #3c3c3b;\">M\u00f6mbris-Str\u00f6tzbach<\/span>\u00a0\u00a0<\/span><br \/><span style=\"color: #3c3c3b;\">Gro\u00dfwallstadt,\u00a0 <\/span>\u00a0 \u00a0 \u00a0 \u00a0 \u00a0 \u00a0 \u00a0 \u00a0 \u00a0 \u00a0 <span style=\"color: #3c3c3b;\">Klingenberg 14-t\u00e4gig (grade KW)\u00a0 \u00a0 \u00a0 \u00a0 \u00a0 \u00a0 \u00a0 \u00a0 \u00a0 \u00a0 \u00a0 \u00a0 \u00a0 \u00a0 \u00a0 \u00a0 \u00a0Trennfurt 14-t\u00e4gig (ungrade KW)<\/span><br \/><span style=\"color: #ff0000;\"><span style=\"color: #3c3c3b;\">Seckmauern, Breuberg\/Neustadt\u00a0 <\/span>\u00a0<\/span><\/p>\n<p><strong>Donnerstag, <\/strong><span style=\"color: #c10b0b;\">\u00a0 \u00a0 \u00a0 \u00a0 \u00a0 <span style=\"color: #3c3c3b;\">Pfaffenhausen,<\/span><\/span>\u00a0 Ruppersh\u00fctten, Frammersbach, Wiesen, Heinrichsthal<\/p>\n<p><strong>Freitag,\u00a0 \u00a0 \u00a0 \u00a0 \u00a0 \u00a0 <\/strong><span style=\"color: #d80404;\"><strong>\u00a0<\/strong>\u00a0 \u00a0 \u00a0 \u00a0 \u00a0 \u00a0 \u00a0 \u00a0 \u00a0 \u00a0 \u00a0<\/span> Obernburg (Wochenmarkt)\u00a0 \u00a0 \u00a0\u00a0und Brentanopark\/Aschaffenburg 14- t\u00e4gig (grade KW)<\/p>\n<p>Johannesberg(Wochenmarkt) und Glattbach\u00a0 \u00a0 \u00a0 \u00a0 \u00a0 \u00a0 \u00a0 \u00a0 \u00a0 \u00a0 \u00a0 \u00a0 \u00a0 \u00a0 \u00a0 14-t\u00e4gig (ungrade KW)<\/p>\n<p>&nbsp;<\/p>\n<p>[\/et_pb_text][\/et_pb_column][\/et_pb_row][\/et_pb_section][et_pb_section fb_built=&#8220;1&#8243; admin_label=&#8220;About&#8220; _builder_version=&#8220;4.16&#8243; _module_preset=&#8220;default&#8220; custom_padding=&#8220;37px|||||&#8220; locked=&#8220;off&#8220; global_colors_info=&#8220;{}&#8220;][et_pb_row use_custom_gutter=&#8220;on&#8220; make_equal=&#8220;on&#8220; _builder_version=&#8220;4.16&#8243; _module_preset=&#8220;default&#8220; module_alignment=&#8220;center&#8220; custom_padding=&#8220;||0px|||&#8220; global_colors_info=&#8220;{}&#8220;][et_pb_column type=&#8220;4_4&#8243; _builder_version=&#8220;4.16&#8243; _module_preset=&#8220;default&#8220; custom_padding=&#8220;|||&#8220; global_colors_info=&#8220;{}&#8220; custom_padding__hover=&#8220;|||&#8220;][et_pb_text _builder_version=&#8220;4.17.4&#8243; _module_preset=&#8220;default&#8220; text_font=&#8220;||||||||&#8220; text_font_size=&#8220;20px&#8220; text_line_height=&#8220;2em&#8220; header_font=&#8220;||||||||&#8220; header_2_font=&#8220;Lora|700|||||||&#8220; header_2_font_size=&#8220;40px&#8220; header_2_line_height=&#8220;1.2em&#8220; transform_scale_tablet=&#8220;&#8220; transform_scale_phone=&#8220;&#8220; transform_scale_last_edited=&#8220;on|desktop&#8220; transform_translate_tablet=&#8220;0px|0vw&#8220; transform_translate_phone=&#8220;&#8220; transform_translate_last_edited=&#8220;on|phone&#8220; transform_rotate_tablet=&#8220;&#8220; transform_rotate_phone=&#8220;&#8220; transform_rotate_last_edited=&#8220;on|desktop&#8220; transform_skew_tablet=&#8220;&#8220; transform_skew_phone=&#8220;&#8220; transform_skew_last_edited=&#8220;on|desktop&#8220; transform_origin_tablet=&#8220;&#8220; transform_origin_phone=&#8220;&#8220; transform_origin_last_edited=&#8220;on|desktop&#8220; z_index=&#8220;1&#8243; max_width=&#8220;520px&#8220; module_alignment=&#8220;left&#8220; text_font_size_tablet=&#8220;&#8220; text_font_size_phone=&#8220;16px&#8220; text_font_size_last_edited=&#8220;on|desktop&#8220; header_2_font_size_tablet=&#8220;&#8220; header_2_font_size_phone=&#8220;32px&#8220; header_2_font_size_last_edited=&#8220;on|desktop&#8220; locked=&#8220;off&#8220; global_colors_info=&#8220;{}&#8220;]<\/p>\n<h2>Die Historie \u2013 alles hat seinen besonderen Anfang.<\/h2>\n<p>[\/et_pb_text][\/et_pb_column][\/et_pb_row][et_pb_row column_structure=&#8220;1_2,1_2&#8243; use_custom_gutter=&#8220;on&#8220; make_equal=&#8220;on&#8220; _builder_version=&#8220;4.16&#8243; _module_preset=&#8220;default&#8220; module_alignment=&#8220;center&#8220; custom_padding=&#8220;||65px|||&#8220; global_colors_info=&#8220;{}&#8220;][et_pb_column type=&#8220;1_2&#8243; _builder_version=&#8220;4.16&#8243; _module_preset=&#8220;default&#8220; custom_padding=&#8220;|||&#8220; global_colors_info=&#8220;{}&#8220; custom_padding__hover=&#8220;|||&#8220;][et_pb_text _builder_version=&#8220;4.17.4&#8243; _module_preset=&#8220;default&#8220; text_font=&#8220;||||||||&#8220; text_line_height=&#8220;1.5em&#8220; header_font=&#8220;||||||||&#8220; header_2_font=&#8220;Lora|700|||||||&#8220; header_2_font_size=&#8220;50px&#8220; header_2_line_height=&#8220;1.2em&#8220; transform_scale_tablet=&#8220;&#8220; transform_scale_phone=&#8220;&#8220; transform_scale_last_edited=&#8220;on|desktop&#8220; transform_translate_tablet=&#8220;0px|0vw&#8220; transform_translate_phone=&#8220;&#8220; transform_translate_last_edited=&#8220;on|phone&#8220; transform_rotate_tablet=&#8220;&#8220; transform_rotate_phone=&#8220;&#8220; transform_rotate_last_edited=&#8220;on|desktop&#8220; transform_skew_tablet=&#8220;&#8220; transform_skew_phone=&#8220;&#8220; transform_skew_last_edited=&#8220;on|desktop&#8220; transform_origin_tablet=&#8220;&#8220; transform_origin_phone=&#8220;&#8220; transform_origin_last_edited=&#8220;on|desktop&#8220; z_index=&#8220;1&#8243; max_width=&#8220;520px&#8220; module_alignment=&#8220;left&#8220; text_font_size_tablet=&#8220;&#8220; text_font_size_phone=&#8220;16px&#8220; text_font_size_last_edited=&#8220;on|desktop&#8220; header_2_font_size_tablet=&#8220;&#8220; header_2_font_size_phone=&#8220;32px&#8220; header_2_font_size_last_edited=&#8220;on|desktop&#8220; locked=&#8220;off&#8220; global_colors_info=&#8220;{}&#8220;]<\/p>\n<p>Die Gr\u00fcndung des Gefl\u00fcgelhofs L\u00fcck liegt bereits \u00fcber ein halbes Jahrhundert zur\u00fcck. Im Jahr 1954 kauft der M\u00fcllermeister Herbert L\u00fcck gemeinsam mit seiner Ehefrau Dora eine M\u00fchle und zieht von Oberfranken ins beschauliche Sommerkahl. Mit im Gep\u00e4ck sind zwei kleine Holzst\u00e4lle, ein kleiner Brutapparat und rund 200 H\u00fchner. Die gelegten Eier werden erfolgreich auf dem Wochenmarkt in Aschaffenburg verkauft.<\/p>\n<p>[\/et_pb_text][\/et_pb_column][et_pb_column type=&#8220;1_2&#8243; _builder_version=&#8220;4.16&#8243; _module_preset=&#8220;default&#8220; custom_padding=&#8220;|||&#8220; global_colors_info=&#8220;{}&#8220; custom_padding__hover=&#8220;|||&#8220;][et_pb_text _builder_version=&#8220;4.17.4&#8243; _module_preset=&#8220;default&#8220; text_font=&#8220;||||||||&#8220; text_line_height=&#8220;1.5em&#8220; header_font=&#8220;||||||||&#8220; header_2_font=&#8220;Lora|700|||||||&#8220; header_2_font_size=&#8220;50px&#8220; header_2_line_height=&#8220;1.2em&#8220; transform_scale_tablet=&#8220;&#8220; transform_scale_phone=&#8220;&#8220; transform_scale_last_edited=&#8220;on|desktop&#8220; transform_translate_tablet=&#8220;0px|0vw&#8220; transform_translate_phone=&#8220;&#8220; transform_translate_last_edited=&#8220;on|phone&#8220; transform_rotate_tablet=&#8220;&#8220; transform_rotate_phone=&#8220;&#8220; transform_rotate_last_edited=&#8220;on|desktop&#8220; transform_skew_tablet=&#8220;&#8220; transform_skew_phone=&#8220;&#8220; transform_skew_last_edited=&#8220;on|desktop&#8220; transform_origin_tablet=&#8220;&#8220; transform_origin_phone=&#8220;&#8220; transform_origin_last_edited=&#8220;on|desktop&#8220; z_index=&#8220;1&#8243; max_width=&#8220;520px&#8220; module_alignment=&#8220;left&#8220; text_font_size_tablet=&#8220;&#8220; text_font_size_phone=&#8220;16px&#8220; text_font_size_last_edited=&#8220;on|desktop&#8220; header_2_font_size_tablet=&#8220;&#8220; header_2_font_size_phone=&#8220;32px&#8220; header_2_font_size_last_edited=&#8220;on|desktop&#8220; locked=&#8220;off&#8220; global_colors_info=&#8220;{}&#8220;]<\/p>\n<p>Bald darauf wird daher die M\u00fchle stillgelegt und die Familie L\u00fcck beginnt sich auf die Gefl\u00fcgelzucht und den Eierverkauf zu konzentrieren. Es folgt der stetige Ausbau der Br\u00fcterei, mit der bis zu 50.000 K\u00fcken im Jahr ausgebr\u00fctet und verkauft werden k\u00f6nnen. Gleichzeitig werden neue, zus\u00e4tzliche St\u00e4lle f\u00fcr die K\u00fckenaufzucht gebaut. Der Grundstein des Traditionsbetriebs Gefl\u00fcgelhof L\u00fcck ist somit gelegt.<\/p>\n<p>[\/et_pb_text][et_pb_button button_text=&#8220;Alles  zur Geschichte und zum Gefl\u00fcgelhof&#8220; button_alignment=&#8220;right&#8220; _builder_version=&#8220;4.17.4&#8243; _module_preset=&#8220;default&#8220; custom_button=&#8220;on&#8220; button_text_size=&#8220;18px&#8220; button_text_color=&#8220;#2A6338&#8243; button_bg_color=&#8220;RGBA(255,255,255,0)&#8220; button_border_width=&#8220;0px&#8220; button_border_radius=&#8220;-2px&#8220; button_font=&#8220;Lora Medium||||||||&#8220; button_icon=&#8220;&#x45;||divi||400&#8243; button_icon_color=&#8220;#2A6338&#8243; button_icon_placement=&#8220;left&#8220; button_on_hover=&#8220;off&#8220; global_colors_info=&#8220;{}&#8220; button_bg_color__hover_enabled=&#8220;on|desktop&#8220; button_text_color__hover_enabled=&#8220;on|hover&#8220; button_text_color__hover=&#8220;#DADFA9&#8243; button_icon_color__hover_enabled=&#8220;on|hover&#8220; button_icon_color__hover=&#8220;#DADFA9&#8243; button_bg_color__hover=&#8220;RGBA(255,255,255,0)&#8220;][\/et_pb_button][\/et_pb_column][\/et_pb_row][et_pb_row column_structure=&#8220;1_3,1_3,1_3&#8243; _builder_version=&#8220;4.16&#8243; _module_preset=&#8220;default&#8220; global_colors_info=&#8220;{}&#8220;][et_pb_column type=&#8220;1_3&#8243; _builder_version=&#8220;4.16&#8243; _module_preset=&#8220;default&#8220; custom_padding=&#8220;|||&#8220; global_colors_info=&#8220;{}&#8220; custom_padding__hover=&#8220;|||&#8220;][et_pb_blurb title=&#8220;Nudelproduktion&#8220; image_icon_background_color=&#8220;RGBA(255,255,255,0)&#8220; image=&#8220;https:\/\/gefluegelhof-lueck.de\/wp-content\/uploads\/2023\/08\/DSC_3556_web.jpg&#8220; _builder_version=&#8220;4.17.4&#8243; _module_preset=&#8220;default&#8220; header_text_color=&#8220;#2A6338&#8243; body_line_height=&#8220;1.5em&#8220; border_radii_image=&#8220;on|10px|10px|10px|10px&#8220; border_color_all_image=&#8220;RGBA(255,255,255,0)&#8220; border_style_all_image=&#8220;none&#8220; global_colors_info=&#8220;{}&#8220;]<\/p>\n<p><span>Ob dick oder d\u00fcnn, lang oder kurz, rau oder glatt \u2013 Nudeln gibt es inzwischen in zahlreichen Variationen und unterschiedlichen Farben und Geschmackssorten. Die Zutaten und das Rezept bestimmen hier eindeutig die Qualit\u00e4t und somit den sp\u00e4teren Gaumenschmaus. <\/span><\/p>\n<p>[\/et_pb_blurb][et_pb_button button_text=&#8220;Mehr erfahren&#8220; button_alignment=&#8220;center&#8220; _builder_version=&#8220;4.17.4&#8243; _module_preset=&#8220;default&#8220; custom_button=&#8220;on&#8220; button_text_size=&#8220;18px&#8220; button_text_color=&#8220;#2A6338&#8243; button_bg_color=&#8220;RGBA(255,255,255,0)&#8220; button_border_width=&#8220;0px&#8220; button_border_radius=&#8220;-2px&#8220; button_font=&#8220;Lora Medium||||||||&#8220; button_icon=&#8220;&#x45;||divi||400&#8243; button_icon_color=&#8220;#2A6338&#8243; button_icon_placement=&#8220;left&#8220; button_on_hover=&#8220;off&#8220; global_colors_info=&#8220;{}&#8220; button_text_color__hover=&#8220;#DADFA9&#8243; button_text_color__hover_enabled=&#8220;on|hover&#8220; button_bg_color__hover=&#8220;RGBA(255,255,255,0)&#8220; button_bg_color__hover_enabled=&#8220;on|desktop&#8220; button_icon_color__hover=&#8220;#DADFA9&#8243; button_icon_color__hover_enabled=&#8220;on|hover&#8220;][\/et_pb_button][\/et_pb_column][et_pb_column type=&#8220;1_3&#8243; _builder_version=&#8220;4.16&#8243; _module_preset=&#8220;default&#8220; custom_padding=&#8220;|||&#8220; global_colors_info=&#8220;{}&#8220; custom_padding__hover=&#8220;|||&#8220;][et_pb_blurb title=&#8220;Eierf\u00e4rberei&#8220; image_icon_background_color=&#8220;RGBA(255,255,255,0)&#8220; image=&#8220;https:\/\/gefluegelhof-lueck.de\/wp-content\/uploads\/2023\/08\/Eier_05-scaled.jpg&#8220; _builder_version=&#8220;4.17.4&#8243; _module_preset=&#8220;default&#8220; header_text_color=&#8220;#2A6338&#8243; body_line_height=&#8220;1.5em&#8220; border_radii_image=&#8220;on|10px|10px|10px|10px&#8220; border_color_all_image=&#8220;RGBA(255,255,255,0)&#8220; border_style_all_image=&#8220;none&#8220; global_colors_info=&#8220;{}&#8220;]<\/p>\n<p><span>W\u00e4hrend der Saison von Januar bis Ostern ist in unserer Eierf\u00e4rberei Hochbetrieb. Dann verlassen ca. 4-5 Millionen bunte Eier den Hof und bescheren vielen Menschen eine sch\u00f6ne Osterzeit. Das ganze Jahr \u00fcber\u00a0 d\u00fcrfen sich alle Fans von bunten Eiern auf unsere Vespereier freuen: Sie bringen Farbe auf jeden Fr\u00fchst\u00fcckstisch und jedes Vesperbrettchen.<\/span><\/p>\n<p>[\/et_pb_blurb][et_pb_button button_text=&#8220;Mehr erfahren&#8220; button_alignment=&#8220;center&#8220; _builder_version=&#8220;4.17.4&#8243; _module_preset=&#8220;default&#8220; custom_button=&#8220;on&#8220; button_text_size=&#8220;18px&#8220; button_text_color=&#8220;#2A6338&#8243; button_bg_color=&#8220;RGBA(255,255,255,0)&#8220; button_border_width=&#8220;0px&#8220; button_border_radius=&#8220;-2px&#8220; button_font=&#8220;Lora Medium||||||||&#8220; button_icon=&#8220;&#x45;||divi||400&#8243; button_icon_color=&#8220;#2A6338&#8243; button_icon_placement=&#8220;left&#8220; button_on_hover=&#8220;off&#8220; global_colors_info=&#8220;{}&#8220; button_text_color__hover=&#8220;#DADFA9&#8243; button_text_color__hover_enabled=&#8220;on|hover&#8220; button_bg_color__hover=&#8220;RGBA(255,255,255,0)&#8220; button_bg_color__hover_enabled=&#8220;on|desktop&#8220; button_icon_color__hover=&#8220;#DADFA9&#8243; button_icon_color__hover_enabled=&#8220;on|hover&#8220;][\/et_pb_button][\/et_pb_column][et_pb_column type=&#8220;1_3&#8243; _builder_version=&#8220;4.16&#8243; _module_preset=&#8220;default&#8220; custom_padding=&#8220;|||&#8220; global_colors_info=&#8220;{}&#8220; custom_padding__hover=&#8220;|||&#8220;][et_pb_blurb title=&#8220;Gefl\u00fcgelhaltung&#8220; image_icon_background_color=&#8220;RGBA(255,255,255,0)&#8220; image=&#8220;https:\/\/gefluegelhof-lueck.de\/wp-content\/uploads\/2023\/08\/MG_1264_web.png&#8220; _builder_version=&#8220;4.17.4&#8243; _module_preset=&#8220;default&#8220; header_text_color=&#8220;#2A6338&#8243; body_line_height=&#8220;1.5em&#8220; border_radii_image=&#8220;on|10px|10px|10px|10px&#8220; border_color_all_image=&#8220;RGBA(255,255,255,0)&#8220; border_style_all_image=&#8220;none&#8220; global_colors_info=&#8220;{}&#8220;]<\/p>\n<p><span>Jedes Jahr Ende Juli\/Anfang August kommen die jungen G\u00e4nse als K\u00fcken auf den <\/span><strong>Gefl\u00fcgelhof<\/strong><span> nach Sommerkahl. Zun\u00e4chst leben sie in ger\u00e4umigen <\/span><strong>Freilaufst\u00e4llen<\/strong><span> auf Stroh, bis sie dann nach ihrer Aufzuchtphase t\u00e4glich Auslauf auf den Wiesen und Maisfeldern haben.<\/span><\/p>\n<p>[\/et_pb_blurb][et_pb_button button_text=&#8220;Mehr erfahren&#8220; button_alignment=&#8220;center&#8220; _builder_version=&#8220;4.17.4&#8243; _module_preset=&#8220;default&#8220; custom_button=&#8220;on&#8220; button_text_size=&#8220;18px&#8220; button_text_color=&#8220;#2A6338&#8243; button_bg_color=&#8220;RGBA(255,255,255,0)&#8220; button_border_width=&#8220;0px&#8220; button_border_radius=&#8220;-2px&#8220; button_font=&#8220;Lora Medium||||||||&#8220; button_icon=&#8220;&#x45;||divi||400&#8243; button_icon_color=&#8220;#2A6338&#8243; button_icon_placement=&#8220;left&#8220; button_on_hover=&#8220;off&#8220; global_colors_info=&#8220;{}&#8220; button_text_color__hover=&#8220;#DADFA9&#8243; button_text_color__hover_enabled=&#8220;on|hover&#8220; button_bg_color__hover=&#8220;RGBA(255,255,255,0)&#8220; button_bg_color__hover_enabled=&#8220;on|desktop&#8220; button_icon_color__hover=&#8220;#DADFA9&#8243; button_icon_color__hover_enabled=&#8220;on|hover&#8220;][\/et_pb_button][\/et_pb_column][\/et_pb_row][\/et_pb_section][et_pb_section fb_built=&#8220;1&#8243; prev_background_color=&#8220;#ffffff&#8220; next_background_color=&#8220;#ffffff&#8220; admin_label=&#8220;What We Do&#8220; _builder_version=&#8220;4.17.4&#8243; _module_preset=&#8220;default&#8220; background_color=&#8220;#B08D7D&#8220; background_image=&#8220;https:\/\/gefluegelhof-lueck.de\/wp-content\/uploads\/2023\/10\/different-types-dry-pasta-plate-bowls-black-background-space-text-top-view-scaled.jpg&#8220; background_blend=&#8220;multiply&#8220; custom_padding=&#8220;10vw||8vw||false|&#8220; top_divider_style=&#8220;asymmetric4&#8243; top_divider_flip=&#8220;vertical&#8220; bottom_divider_style=&#8220;asymmetric4&#8243; bottom_divider_flip=&#8220;vertical&#8220; global_colors_info=&#8220;{}&#8220;][et_pb_row _builder_version=&#8220;4.16&#8243; _module_preset=&#8220;default&#8220; global_colors_info=&#8220;{}&#8220;][et_pb_column type=&#8220;4_4&#8243; _builder_version=&#8220;4.16&#8243; _module_preset=&#8220;default&#8220; custom_padding=&#8220;|||&#8220; global_colors_info=&#8220;{}&#8220; custom_padding__hover=&#8220;|||&#8220;][et_pb_text _builder_version=&#8220;4.17.4&#8243; _module_preset=&#8220;default&#8220; text_font=&#8220;||||||||&#8220; text_font_size=&#8220;20px&#8220; text_line_height=&#8220;2em&#8220; header_font=&#8220;||||||||&#8220; header_2_font=&#8220;Lora|700|||||||&#8220; header_2_text_color=&#8220;#FFFFFF&#8220; header_2_font_size=&#8220;40px&#8220; header_2_line_height=&#8220;1.2em&#8220; transform_scale_tablet=&#8220;&#8220; transform_scale_phone=&#8220;&#8220; transform_scale_last_edited=&#8220;on|desktop&#8220; transform_translate_tablet=&#8220;0px|0vw&#8220; transform_translate_phone=&#8220;&#8220; transform_translate_last_edited=&#8220;on|phone&#8220; transform_rotate_tablet=&#8220;&#8220; transform_rotate_phone=&#8220;&#8220; transform_rotate_last_edited=&#8220;on|desktop&#8220; transform_skew_tablet=&#8220;&#8220; transform_skew_phone=&#8220;&#8220; transform_skew_last_edited=&#8220;on|desktop&#8220; transform_origin_tablet=&#8220;&#8220; transform_origin_phone=&#8220;&#8220; transform_origin_last_edited=&#8220;on|desktop&#8220; z_index=&#8220;1&#8243; text_orientation=&#8220;center&#8220; module_alignment=&#8220;left&#8220; text_font_size_tablet=&#8220;&#8220; text_font_size_phone=&#8220;16px&#8220; text_font_size_last_edited=&#8220;on|desktop&#8220; header_2_font_size_tablet=&#8220;&#8220; header_2_font_size_phone=&#8220;32px&#8220; header_2_font_size_last_edited=&#8220;on|desktop&#8220; locked=&#8220;off&#8220; global_colors_info=&#8220;{}&#8220;]<\/p>\n<h2>Das sind wir \u2013 Unsere Philosophie<\/h2>\n<p>[\/et_pb_text][\/et_pb_column][\/et_pb_row][et_pb_row column_structure=&#8220;1_4,1_4,1_4,1_4&#8243; _builder_version=&#8220;4.17.4&#8243; _module_preset=&#8220;default&#8220; custom_margin=&#8220;42px|auto||auto||&#8220; global_colors_info=&#8220;{}&#8220;][et_pb_column type=&#8220;1_4&#8243; _builder_version=&#8220;4.17.4&#8243; _module_preset=&#8220;default&#8220; custom_padding=&#8220;20px|||&#8220; custom_padding_tablet=&#8220;0px||&#8220; custom_padding_phone=&#8220;0px||&#8220; custom_padding_last_edited=&#8220;on|tablet&#8220; border_color_right=&#8220;#DADFA9&#8243; global_colors_info=&#8220;{}&#8220; custom_padding__hover=&#8220;|||&#8220;][et_pb_blurb title=&#8220;Qualit\u00e4t&#8220; use_icon=&#8220;on&#8220; font_icon=&#8220;&#xf2e7;||fa||900&#8243; icon_color=&#8220;#FFFFFF&#8220; image_icon_background_color=&#8220;RGBA(255,255,255,0)&#8220; image_icon_width=&#8220;53px&#8220; _builder_version=&#8220;4.17.4&#8243; _module_preset=&#8220;default&#8220; header_level=&#8220;h5&#8243; header_font=&#8220;Lora|700|||||||&#8220; header_text_color=&#8220;#453124&#8243; header_font_size=&#8220;20px&#8220; header_line_height=&#8220;1.2em&#8220; body_font=&#8220;||||||||&#8220; body_text_color=&#8220;#453124&#8243; body_line_height=&#8220;1.5em&#8220; background_color=&#8220;#DADFA9&#8243; text_orientation=&#8220;center&#8220; background_layout=&#8220;dark&#8220; custom_padding=&#8220;36px|10px|36px|10px|true|true&#8220; border_radii=&#8220;on|10px|10px|10px|10px&#8220; global_colors_info=&#8220;{}&#8220;]<\/p>\n<p><span>Frische, qualitativ hochwertige und schmackhafte Produkte<\/span><\/p>\n<p>[\/et_pb_blurb][\/et_pb_column][et_pb_column type=&#8220;1_4&#8243; _builder_version=&#8220;4.17.4&#8243; _module_preset=&#8220;default&#8220; custom_padding=&#8220;120px||||false|false&#8220; custom_padding_last_edited=&#8220;off|desktop&#8220; global_colors_info=&#8220;{}&#8220; custom_padding__hover=&#8220;|||&#8220;][et_pb_blurb title=&#8220;Preis &#038; Leistung&#8220; use_icon=&#8220;on&#8220; font_icon=&#8220;&#xf153;||fa||900&#8243; icon_color=&#8220;#FFFFFF&#8220; image_icon_background_color=&#8220;RGBA(255,255,255,0)&#8220; image_icon_width=&#8220;53px&#8220; _builder_version=&#8220;4.17.4&#8243; _module_preset=&#8220;default&#8220; header_level=&#8220;h5&#8243; header_font=&#8220;Lora|700|||||||&#8220; header_text_color=&#8220;#453124&#8243; header_font_size=&#8220;20px&#8220; header_line_height=&#8220;1.2em&#8220; body_font=&#8220;||||||||&#8220; body_text_color=&#8220;#453124&#8243; body_line_height=&#8220;1.5em&#8220; background_color=&#8220;#DADFA9&#8243; text_orientation=&#8220;center&#8220; background_layout=&#8220;dark&#8220; custom_padding=&#8220;36px|10px|36px|10px|true|true&#8220; border_radii=&#8220;on|10px|10px|10px|10px&#8220; locked=&#8220;off&#8220; global_colors_info=&#8220;{}&#8220;]<\/p>\n<p><span>Zufriedenstellender Service und nachhaltig faire Preise<\/span><\/p>\n<p>[\/et_pb_blurb][\/et_pb_column][et_pb_column type=&#8220;1_4&#8243; _builder_version=&#8220;4.17.4&#8243; _module_preset=&#8220;default&#8220; custom_padding=&#8220;||||false|false&#8220; custom_padding_tablet=&#8220;0px||&#8220; custom_padding_phone=&#8220;0px||&#8220; custom_padding_last_edited=&#8220;on|desktop&#8220; global_colors_info=&#8220;{}&#8220; custom_padding__hover=&#8220;|||&#8220;][et_pb_blurb title=&#8220;Regionalit\u00e4t&#8220; use_icon=&#8220;on&#8220; font_icon=&#8220;&#xf4be;||fa||900&#8243; icon_color=&#8220;#FFFFFF&#8220; image_icon_background_color=&#8220;RGBA(255,255,255,0)&#8220; image_icon_width=&#8220;53px&#8220; _builder_version=&#8220;4.17.4&#8243; _module_preset=&#8220;default&#8220; header_level=&#8220;h5&#8243; header_font=&#8220;Lora|700|||||||&#8220; header_text_color=&#8220;#453124&#8243; header_font_size=&#8220;20px&#8220; header_line_height=&#8220;1.2em&#8220; body_font=&#8220;||||||||&#8220; body_text_color=&#8220;#453124&#8243; body_line_height=&#8220;1.5em&#8220; background_color=&#8220;#DADFA9&#8243; text_orientation=&#8220;center&#8220; background_layout=&#8220;dark&#8220; custom_padding=&#8220;36px|10px|36px|10px|true|true&#8220; border_radii=&#8220;on|10px|10px|10px|10px&#8220; locked=&#8220;off&#8220; global_colors_info=&#8220;{}&#8220;]<\/p>\n<p><span>Liebe zur Heimat, Traditionsbewusstsein und ein hoher Bezug zur Region<\/span><\/p>\n<p>[\/et_pb_blurb][\/et_pb_column][et_pb_column type=&#8220;1_4&#8243; _builder_version=&#8220;4.17.4&#8243; _module_preset=&#8220;default&#8220; custom_padding=&#8220;120px||||false|false&#8220; custom_padding_tablet=&#8220;0px||&#8220; custom_padding_phone=&#8220;0px||&#8220; custom_padding_last_edited=&#8220;on|desktop&#8220; global_colors_info=&#8220;{}&#8220; custom_padding__hover=&#8220;|||&#8220;][et_pb_blurb title=&#8220;Vielseitigkeit&#8220; use_icon=&#8220;on&#8220; font_icon=&#8220;&#xf067;||fa||900&#8243; icon_color=&#8220;#FFFFFF&#8220; image_icon_background_color=&#8220;RGBA(255,255,255,0)&#8220; image_icon_width=&#8220;53px&#8220; _builder_version=&#8220;4.17.4&#8243; _module_preset=&#8220;default&#8220; header_level=&#8220;h5&#8243; header_font=&#8220;Lora|700|||||||&#8220; header_text_color=&#8220;#453124&#8243; header_font_size=&#8220;20px&#8220; header_line_height=&#8220;1.2em&#8220; body_font=&#8220;||||||||&#8220; body_text_color=&#8220;#453124&#8243; body_line_height=&#8220;1.5em&#8220; background_color=&#8220;#DADFA9&#8243; text_orientation=&#8220;center&#8220; background_layout=&#8220;dark&#8220; custom_padding=&#8220;36px|10px|36px|10px|true|true&#8220; border_radii=&#8220;on|10px|10px|10px|10px&#8220; locked=&#8220;off&#8220; global_colors_info=&#8220;{}&#8220;]<\/p>\n<p><span>Gro\u00dfe und vielseitige Produktauswahl<\/span><\/p>\n<p>[\/et_pb_blurb][\/et_pb_column][\/et_pb_row][et_pb_row _builder_version=&#8220;4.17.4&#8243; _module_preset=&#8220;default&#8220; custom_margin=&#8220;41px|auto||auto||&#8220; global_colors_info=&#8220;{}&#8220;][et_pb_column type=&#8220;4_4&#8243; _builder_version=&#8220;4.17.4&#8243; _module_preset=&#8220;default&#8220; global_colors_info=&#8220;{}&#8220;][et_pb_button button_text=&#8220;Hier erfahren Sie mehr \u00fcber uns&#8220; button_alignment=&#8220;center&#8220; _builder_version=&#8220;4.17.4&#8243; _module_preset=&#8220;default&#8220; custom_button=&#8220;on&#8220; button_text_size=&#8220;18px&#8220; button_text_color=&#8220;#DADFA9&#8243; button_bg_color=&#8220;RGBA(255,255,255,0)&#8220; button_border_width=&#8220;0px&#8220; button_border_radius=&#8220;-2px&#8220; button_font=&#8220;Lora Medium||||on||||&#8220; button_icon=&#8220;&#x45;||divi||400&#8243; button_icon_color=&#8220;#DADFA9&#8243; button_icon_placement=&#8220;left&#8220; button_on_hover=&#8220;off&#8220; global_colors_info=&#8220;{}&#8220; button_text_color__hover=&#8220;#FFFFFF&#8220; button_text_color__hover_enabled=&#8220;on|hover&#8220; button_bg_color__hover=&#8220;RGBA(255,255,255,0)&#8220; button_bg_color__hover_enabled=&#8220;on|desktop&#8220; button_icon_color__hover=&#8220;#FFFFFF&#8220; button_icon_color__hover_enabled=&#8220;on|desktop&#8220;][\/et_pb_button][\/et_pb_column][\/et_pb_row][\/et_pb_section][et_pb_section fb_built=&#8220;1&#8243; admin_label=&#8220;Stats&#8220; _builder_version=&#8220;4.16&#8243; _module_preset=&#8220;default&#8220; custom_padding=&#8220;||122px|||&#8220; global_colors_info=&#8220;{}&#8220;][et_pb_row column_structure=&#8220;2_3,1_3&#8243; use_custom_gutter=&#8220;on&#8220; make_equal=&#8220;on&#8220; _builder_version=&#8220;4.16&#8243; _module_preset=&#8220;default&#8220; locked=&#8220;off&#8220; global_colors_info=&#8220;{}&#8220;][et_pb_column type=&#8220;2_3&#8243; _builder_version=&#8220;4.16&#8243; _module_preset=&#8220;default&#8220; custom_padding=&#8220;|||&#8220; global_colors_info=&#8220;{}&#8220; custom_padding__hover=&#8220;|||&#8220;][et_pb_text _builder_version=&#8220;4.17.4&#8243; _module_preset=&#8220;default&#8220; text_font=&#8220;||||||||&#8220; text_font_size=&#8220;20px&#8220; text_line_height=&#8220;2em&#8220; header_font=&#8220;||||||||&#8220; header_2_font=&#8220;Lora|700|||||||&#8220; header_2_font_size=&#8220;40px&#8220; header_2_line_height=&#8220;1.2em&#8220; transform_scale_tablet=&#8220;&#8220; transform_scale_phone=&#8220;&#8220; transform_scale_last_edited=&#8220;on|desktop&#8220; transform_translate_tablet=&#8220;0px|0vw&#8220; transform_translate_phone=&#8220;&#8220; transform_translate_last_edited=&#8220;on|phone&#8220; transform_rotate_tablet=&#8220;&#8220; transform_rotate_phone=&#8220;&#8220; transform_rotate_last_edited=&#8220;on|desktop&#8220; transform_skew_tablet=&#8220;&#8220; transform_skew_phone=&#8220;&#8220; transform_skew_last_edited=&#8220;on|desktop&#8220; transform_origin_tablet=&#8220;&#8220; transform_origin_phone=&#8220;&#8220; transform_origin_last_edited=&#8220;on|desktop&#8220; z_index=&#8220;1&#8243; max_width=&#8220;520px&#8220; module_alignment=&#8220;left&#8220; text_font_size_tablet=&#8220;&#8220; text_font_size_phone=&#8220;16px&#8220; text_font_size_last_edited=&#8220;on|desktop&#8220; header_2_font_size_tablet=&#8220;&#8220; header_2_font_size_phone=&#8220;32px&#8220; header_2_font_size_last_edited=&#8220;on|desktop&#8220; locked=&#8220;off&#8220; global_colors_info=&#8220;{}&#8220;]<\/p>\n<h2>Unsere Produkte<\/h2>\n<p>[\/et_pb_text][\/et_pb_column][et_pb_column type=&#8220;1_3&#8243; _builder_version=&#8220;4.16&#8243; _module_preset=&#8220;default&#8220; custom_padding=&#8220;|||&#8220; global_colors_info=&#8220;{}&#8220; custom_padding__hover=&#8220;|||&#8220;][\/et_pb_column][\/et_pb_row][et_pb_row column_structure=&#8220;1_3,1_3,1_3&#8243; _builder_version=&#8220;4.16&#8243; _module_preset=&#8220;default&#8220; global_colors_info=&#8220;{}&#8220;][et_pb_column type=&#8220;1_3&#8243; _builder_version=&#8220;4.16&#8243; _module_preset=&#8220;default&#8220; custom_padding=&#8220;|||&#8220; global_colors_info=&#8220;{}&#8220; custom_padding__hover=&#8220;|||&#8220;][et_pb_text _builder_version=&#8220;4.17.4&#8243; _module_preset=&#8220;default&#8220; text_font=&#8220;Poppins Regular||||||||&#8220; text_line_height=&#8220;1.5em&#8220; header_font=&#8220;||||||||&#8220; header_4_font=&#8220;Lora|700|||||||&#8220; header_4_text_color=&#8220;#2A6338&#8243; header_4_font_size=&#8220;20px&#8220; header_4_line_height=&#8220;1.2em&#8220; width_tablet=&#8220;auto&#8220; width_phone=&#8220;auto&#8220; width_last_edited=&#8220;on|desktop&#8220; global_colors_info=&#8220;{}&#8220;]<\/p>\n<h4>Eier \u2013 auch gef\u00e4rbt<\/h4>\n<p><span>Wir vom Gefl\u00fcgelhof L\u00fcck haben frische Eier aus Bio-, Freiland- und Bodenhaltung in unserem Sortiment. Au\u00dferdem kochen und f\u00e4rben wir Eier in unserer eigenen Eierf\u00e4rberei immer frisch nach Bedarf.<\/span><\/p>\n<p>[\/et_pb_text][\/et_pb_column][et_pb_column type=&#8220;1_3&#8243; _builder_version=&#8220;4.16&#8243; _module_preset=&#8220;default&#8220; custom_padding=&#8220;|||&#8220; global_colors_info=&#8220;{}&#8220; custom_padding__hover=&#8220;|||&#8220;][et_pb_text _builder_version=&#8220;4.17.4&#8243; _module_preset=&#8220;default&#8220; text_font=&#8220;Poppins Regular||||||||&#8220; text_line_height=&#8220;1.5em&#8220; header_font=&#8220;||||||||&#8220; header_4_font=&#8220;Lora|700|||||||&#8220; header_4_text_color=&#8220;#2A6338&#8243; header_4_font_size=&#8220;20px&#8220; header_4_line_height=&#8220;1.2em&#8220; width_tablet=&#8220;auto&#8220; width_phone=&#8220;auto&#8220; width_last_edited=&#8220;on|desktop&#8220; global_colors_info=&#8220;{}&#8220;]<\/p>\n<h4>Frischgefl\u00fcgel<\/h4>\n<h2><\/h2>\n<p>In unserem Sortiment haben wir verschiedenes Frischgefl\u00fcgel f\u00fcr Sie zusammengestellt. Sie erhalten bei uns alle Teile vom Kikok H\u00e4hnchen, sowie alle Teile vom H\u00e4hnchen, wie z.B. H\u00e4hnchenbrustfilet, -schenkel, -fl\u00fcgel und Innereien. Auch erhalten Sie f\u00fcr Ihre Suppe Suppenhuhn.<\/p>\n<p>[\/et_pb_text][\/et_pb_column][et_pb_column type=&#8220;1_3&#8243; _builder_version=&#8220;4.16&#8243; _module_preset=&#8220;default&#8220; custom_padding=&#8220;|||&#8220; global_colors_info=&#8220;{}&#8220; custom_padding__hover=&#8220;|||&#8220;][et_pb_text _builder_version=&#8220;4.17.4&#8243; _module_preset=&#8220;default&#8220; text_font=&#8220;Poppins Regular||||||||&#8220; text_line_height=&#8220;1.5em&#8220; header_font=&#8220;||||||||&#8220; header_4_font=&#8220;Lora|700|||||||&#8220; header_4_text_color=&#8220;#2A6338&#8243; header_4_font_size=&#8220;20px&#8220; header_4_line_height=&#8220;1.2em&#8220; width_tablet=&#8220;auto&#8220; width_phone=&#8220;auto&#8220; width_last_edited=&#8220;on|desktop&#8220; locked=&#8220;off&#8220; global_colors_info=&#8220;{}&#8220;]<\/p>\n<h4>Nudeln<\/h4>\n<p><span>Ob dick oder d\u00fcnn, lang oder kurz, rau oder glatt \u2013 wir stellen ca. 30 Nudelsorten aus unterschiedlich zusammengesetzten Zutaten her. Mit traditionellen, langbew\u00e4hrten Hausmacher-Rezepten haben wir uns einer nachhaltigen Lebensmittelproduktion mit hochwertigen Rohstoffen verschrieben<\/span><\/p>\n<p>[\/et_pb_text][\/et_pb_column][\/et_pb_row][et_pb_row column_structure=&#8220;1_3,1_3,1_3&#8243; _builder_version=&#8220;4.16&#8243; _module_preset=&#8220;default&#8220; global_colors_info=&#8220;{}&#8220;][et_pb_column type=&#8220;1_3&#8243; _builder_version=&#8220;4.16&#8243; _module_preset=&#8220;default&#8220; custom_padding=&#8220;|||&#8220; global_colors_info=&#8220;{}&#8220; custom_padding__hover=&#8220;|||&#8220;][\/et_pb_column][et_pb_column type=&#8220;1_3&#8243; _builder_version=&#8220;4.16&#8243; _module_preset=&#8220;default&#8220; custom_padding=&#8220;|||&#8220; global_colors_info=&#8220;{}&#8220; custom_padding__hover=&#8220;|||&#8220;][et_pb_button button_text=&#8220;Zur gesamten Produkt\u00fcbersicht&#8220; button_alignment=&#8220;center&#8220; _builder_version=&#8220;4.17.4&#8243; _module_preset=&#8220;default&#8220; custom_button=&#8220;on&#8220; button_text_size=&#8220;18px&#8220; button_text_color=&#8220;#2A6338&#8243; button_bg_color=&#8220;RGBA(255,255,255,0)&#8220; button_border_width=&#8220;0px&#8220; button_border_radius=&#8220;-2px&#8220; button_font=&#8220;Lora Medium||||||||&#8220; button_icon=&#8220;&#x45;||divi||400&#8243; button_icon_color=&#8220;#2A6338&#8243; button_icon_placement=&#8220;left&#8220; button_on_hover=&#8220;off&#8220; global_colors_info=&#8220;{}&#8220; button_text_color__hover=&#8220;#DADFA9&#8243; button_text_color__hover_enabled=&#8220;on|hover&#8220; button_bg_color__hover=&#8220;RGBA(255,255,255,0)&#8220; button_bg_color__hover_enabled=&#8220;on|desktop&#8220; button_icon_color__hover=&#8220;#DADFA9&#8243; button_icon_color__hover_enabled=&#8220;on|hover&#8220;][\/et_pb_button][\/et_pb_column][et_pb_column type=&#8220;1_3&#8243; _builder_version=&#8220;4.16&#8243; _module_preset=&#8220;default&#8220; custom_padding=&#8220;|||&#8220; global_colors_info=&#8220;{}&#8220; custom_padding__hover=&#8220;|||&#8220;][\/et_pb_column][\/et_pb_row][et_pb_row column_structure=&#8220;1_2,1_2&#8243; use_custom_gutter=&#8220;on&#8220; make_equal=&#8220;on&#8220; _builder_version=&#8220;4.17.4&#8243; _module_preset=&#8220;default&#8220; custom_margin=&#8220;89px|auto||auto||&#8220; locked=&#8220;off&#8220; global_colors_info=&#8220;{}&#8220;][et_pb_column type=&#8220;1_2&#8243; _builder_version=&#8220;4.16&#8243; _module_preset=&#8220;default&#8220; custom_padding=&#8220;|||&#8220; global_colors_info=&#8220;{}&#8220; custom_padding__hover=&#8220;|||&#8220;][et_pb_text _builder_version=&#8220;4.17.4&#8243; _module_preset=&#8220;default&#8220; text_font=&#8220;||||||||&#8220; text_font_size=&#8220;20px&#8220; text_line_height=&#8220;2em&#8220; header_font=&#8220;||||||||&#8220; header_2_font=&#8220;Lora|700|||||||&#8220; header_2_font_size=&#8220;40px&#8220; header_2_line_height=&#8220;1.2em&#8220; transform_scale_tablet=&#8220;&#8220; transform_scale_phone=&#8220;&#8220; transform_scale_last_edited=&#8220;on|desktop&#8220; transform_translate_tablet=&#8220;0px|0vw&#8220; transform_translate_phone=&#8220;&#8220; transform_translate_last_edited=&#8220;on|phone&#8220; transform_rotate_tablet=&#8220;&#8220; transform_rotate_phone=&#8220;&#8220; transform_rotate_last_edited=&#8220;on|desktop&#8220; transform_skew_tablet=&#8220;&#8220; transform_skew_phone=&#8220;&#8220; transform_skew_last_edited=&#8220;on|desktop&#8220; transform_origin_tablet=&#8220;&#8220; transform_origin_phone=&#8220;&#8220; transform_origin_last_edited=&#8220;on|desktop&#8220; z_index=&#8220;1&#8243; max_width=&#8220;520px&#8220; module_alignment=&#8220;left&#8220; text_font_size_tablet=&#8220;&#8220; text_font_size_phone=&#8220;16px&#8220; text_font_size_last_edited=&#8220;on|desktop&#8220; header_2_font_size_tablet=&#8220;&#8220; header_2_font_size_phone=&#8220;32px&#8220; header_2_font_size_last_edited=&#8220;on|desktop&#8220; locked=&#8220;off&#8220; global_colors_info=&#8220;{}&#8220;]<\/p>\n<h2>Sie m\u00f6chten wissen, wo Sie uns antreffen?<\/h2>\n<p>[\/et_pb_text][et_pb_text _builder_version=&#8220;4.17.4&#8243; _module_preset=&#8220;default&#8220; text_font=&#8220;Poppins Regular||||||||&#8220; text_line_height=&#8220;1.5em&#8220; header_font=&#8220;||||||||&#8220; header_4_font=&#8220;Lora|700|||||||&#8220; header_4_text_color=&#8220;#2A6338&#8243; header_4_font_size=&#8220;20px&#8220; header_4_line_height=&#8220;1.2em&#8220; width_tablet=&#8220;auto&#8220; width_phone=&#8220;auto&#8220; width_last_edited=&#8220;on|desktop&#8220; global_colors_info=&#8220;{}&#8220;]<\/p>\n<p>Wir verkaufen in unserem Hofladen, auf Wochenm\u00e4rkten und verschiedenen Verkaufsstandorten in der Region.<\/p>\n<p>[\/et_pb_text][et_pb_button button_text=&#8220;Mehr erfahren&#8220; button_alignment=&#8220;right&#8220; _builder_version=&#8220;4.17.4&#8243; _module_preset=&#8220;default&#8220; custom_button=&#8220;on&#8220; button_text_size=&#8220;18px&#8220; button_text_color=&#8220;#2A6338&#8243; button_bg_color=&#8220;RGBA(255,255,255,0)&#8220; button_border_width=&#8220;0px&#8220; button_border_radius=&#8220;-2px&#8220; button_font=&#8220;Lora Medium||||||||&#8220; button_icon=&#8220;&#x45;||divi||400&#8243; button_icon_color=&#8220;#2A6338&#8243; button_icon_placement=&#8220;left&#8220; button_on_hover=&#8220;off&#8220; global_colors_info=&#8220;{}&#8220; button_text_color__hover=&#8220;#DADFA9&#8243; button_text_color__hover_enabled=&#8220;on|hover&#8220; button_bg_color__hover=&#8220;RGBA(255,255,255,0)&#8220; button_bg_color__hover_enabled=&#8220;on|desktop&#8220; button_icon_color__hover=&#8220;#DADFA9&#8243; button_icon_color__hover_enabled=&#8220;on|hover&#8220;][\/et_pb_button][\/et_pb_column][et_pb_column type=&#8220;1_2&#8243; _builder_version=&#8220;4.16&#8243; _module_preset=&#8220;default&#8220; custom_padding=&#8220;|||&#8220; global_colors_info=&#8220;{}&#8220; custom_padding__hover=&#8220;|||&#8220;][et_pb_image src=&#8220;https:\/\/gefluegelhof-lueck.de\/wp-content\/uploads\/2023\/08\/IMG_1569.jpg&#8220; title_text=&#8220;IMG_1569&#8243; _builder_version=&#8220;4.17.4&#8243; _module_preset=&#8220;default&#8220; border_radii=&#8220;on|10px|10px|10px|10px&#8220; global_colors_info=&#8220;{}&#8220;][\/et_pb_image][\/et_pb_column][\/et_pb_row][\/et_pb_section][et_pb_section fb_built=&#8220;1&#8243; _builder_version=&#8220;4.17.4&#8243; _module_preset=&#8220;default&#8220; background_color=&#8220;#2A6338&#8243; custom_padding=&#8220;136px|||||&#8220; top_divider_style=&#8220;asymmetric4&#8243; top_divider_color=&#8220;#FFFFFF&#8220; top_divider_flip=&#8220;vertical&#8220; global_module=&#8220;94&#8243; saved_tabs=&#8220;all&#8220; global_colors_info=&#8220;{}&#8220;][et_pb_row column_structure=&#8220;3_5,2_5&#8243; _builder_version=&#8220;4.17.4&#8243; _module_preset=&#8220;default&#8220; custom_padding=&#8220;||36px|||&#8220; global_colors_info=&#8220;{}&#8220;][et_pb_column type=&#8220;3_5&#8243; _builder_version=&#8220;4.17.4&#8243; _module_preset=&#8220;default&#8220; global_colors_info=&#8220;{}&#8220;][et_pb_text _builder_version=&#8220;4.17.4&#8243; _module_preset=&#8220;default&#8220; text_text_color=&#8220;#FFFFFF&#8220; text_line_height=&#8220;1.5em&#8220; header_text_color=&#8220;#FFFFFF&#8220; header_2_text_color=&#8220;#FFFFFF&#8220; header_2_line_height=&#8220;1.3em&#8220; global_colors_info=&#8220;{}&#8220;]<\/p>\n<h2><span>Sie m\u00f6chten etwas bestellen, haben Fragen zu unseren Produkten oder m\u00f6chten unser Gesch\u00e4ftspartner werden? <\/span><\/h2>\n<p><span><\/span><\/p>\n<p><span><\/span><\/p>\n<p><span>Wir stehen Ihnen gerne pers\u00f6nlich, telefonisch und per Mail zur Verf\u00fcgung. <\/span><span>Besuchen Sie uns auch gerne auf dem Hof und entdecken Sie unseren neuen <\/span><span style=\"text-decoration: underline;\"><span style=\"color: #ffffff; text-decoration: underline;\"><a href=\"http:\/\/www.gefluegelhof-lueck.de\/vertrieb\/hofverkauf\" style=\"color: #ffffff; text-decoration: underline;\">Hofladen<\/a>.<\/span><\/span><span><\/span><\/p>\n<p>[\/et_pb_text][et_pb_image src=&#8220;https:\/\/gefluegelhof-lueck.de\/wp-content\/uploads\/2023\/10\/Footer_Unterschrift.png&#8220; title_text=&#8220;Footer_Unterschrift&#8220; _builder_version=&#8220;4.17.4&#8243; _module_preset=&#8220;default&#8220; width=&#8220;82%&#8220; module_alignment=&#8220;center&#8220; global_colors_info=&#8220;{}&#8220;][\/et_pb_image][\/et_pb_column][et_pb_column type=&#8220;2_5&#8243; _builder_version=&#8220;4.17.4&#8243; _module_preset=&#8220;default&#8220; custom_padding=&#8220;|||50px|false|false&#8220; border_width_left=&#8220;2px&#8220; border_color_left=&#8220;#FFFFFF&#8220; global_colors_info=&#8220;{}&#8220;][et_pb_text _builder_version=&#8220;4.17.4&#8243; _module_preset=&#8220;default&#8220; header_text_color=&#8220;#FFFFFF&#8220; global_colors_info=&#8220;{}&#8220;]<\/p>\n<h1>Kontakt<\/h1>\n<p>[\/et_pb_text][et_pb_blurb use_icon=&#8220;on&#8220; font_icon=&#8220;&#xf095;||fa||900&#8243; icon_color=&#8220;#FFFFFF&#8220; icon_placement=&#8220;left&#8220; image_icon_width=&#8220;24px&#8220; _builder_version=&#8220;4.17.4&#8243; _module_preset=&#8220;default&#8220; header_text_color=&#8220;#FFFFFF&#8220; body_text_color=&#8220;#FFFFFF&#8220; global_colors_info=&#8220;{}&#8220;]<\/p>\n<p><span>06024 &#8211; 1666<\/span><\/p>\n<p>[\/et_pb_blurb][et_pb_blurb use_icon=&#8220;on&#8220; font_icon=&#8220;&#xe0fa;||divi||400&#8243; icon_color=&#8220;#FFFFFF&#8220; icon_placement=&#8220;left&#8220; image_icon_width=&#8220;24px&#8220; _builder_version=&#8220;4.17.4&#8243; _module_preset=&#8220;default&#8220; header_text_color=&#8220;#FFFFFF&#8220; body_text_color=&#8220;#FFFFFF&#8220; global_colors_info=&#8220;{}&#8220;]<\/p>\n<p><span>06024 &#8211; 5674 <\/span><\/p>\n<p>[\/et_pb_blurb][et_pb_blurb use_icon=&#8220;on&#8220; font_icon=&#8220;&#xe076;||divi||400&#8243; icon_color=&#8220;#FFFFFF&#8220; icon_placement=&#8220;left&#8220; image_icon_width=&#8220;24px&#8220; _builder_version=&#8220;4.17.4&#8243; _module_preset=&#8220;default&#8220; header_text_color=&#8220;#FFFFFF&#8220; body_text_color=&#8220;#FFFFFF&#8220; global_colors_info=&#8220;{}&#8220;]<\/p>\n<p><span style=\"color: #ffffff;\"><a href=\"mailto:verkauf@gefluegelhof-lueck.de\" style=\"color: #ffffff;\">verkauf@gefluegelhof-lueck.de<\/a><\/span><\/p>\n<p>[\/et_pb_blurb][et_pb_blurb use_icon=&#8220;on&#8220; font_icon=&#8220;&#xe081;||divi||400&#8243; icon_color=&#8220;#FFFFFF&#8220; icon_placement=&#8220;left&#8220; image_icon_width=&#8220;24px&#8220; _builder_version=&#8220;4.17.4&#8243; _module_preset=&#8220;default&#8220; header_text_color=&#8220;#FFFFFF&#8220; body_text_color=&#8220;#FFFFFF&#8220; global_colors_info=&#8220;{}&#8220;]<\/p>\n<p><strong>Gefl\u00fcgelhof L\u00fcck<\/strong><br \/><span>Gesch\u00e4ftsf\u00fchrer<\/span><br \/><span>Kestweg 18<\/span><br \/><span>63825 Sommerkahl<\/span><\/p>\n<p>[\/et_pb_blurb][\/et_pb_column][\/et_pb_row][\/et_pb_section][et_pb_section fb_built=&#8220;1&#8243; _builder_version=&#8220;4.17.4&#8243; _module_preset=&#8220;default&#8220; background_color=&#8220;#DADFA9&#8243; custom_padding=&#8220;73px|||||&#8220; top_divider_style=&#8220;asymmetric4&#8243; top_divider_color=&#8220;#2A6338&#8243; top_divider_flip=&#8220;vertical&#8220; global_module=&#8220;95&#8243; saved_tabs=&#8220;all&#8220; global_colors_info=&#8220;{}&#8220;][et_pb_row column_structure=&#8220;2_5,3_5&#8243; _builder_version=&#8220;4.17.4&#8243; _module_preset=&#8220;default&#8220; custom_margin=&#8220;50px|auto||auto|false|false&#8220; custom_padding=&#8220;|0px|||false|false&#8220; global_colors_info=&#8220;{}&#8220;][et_pb_column type=&#8220;2_5&#8243; _builder_version=&#8220;4.17.4&#8243; _module_preset=&#8220;default&#8220; custom_padding=&#8220;||||false|false&#8220; border_color_left=&#8220;#FFFFFF&#8220; global_colors_info=&#8220;{}&#8220;][et_pb_text _builder_version=&#8220;4.17.4&#8243; _module_preset=&#8220;default&#8220; text_text_color=&#8220;#453124&#8243; text_line_height=&#8220;1.5em&#8220; header_text_color=&#8220;#FFFFFF&#8220; header_2_text_color=&#8220;#FFFFFF&#8220; header_2_line_height=&#8220;1.3em&#8220; header_3_text_color=&#8220;#453124&#8243; global_colors_info=&#8220;{}&#8220;]<\/p>\n<h3>So finden Sie uns:<\/h3>\n<p>In Sommerkahl bis zum Feuerwehrhaus auf der Hauptstra\u00dfe bleiben. Danach links in den Kestweg einbiegen und diesem ca. 200m folgen. Die Beschilderung f\u00fchrt Sie direkt zu uns.<\/p>\n<p>[\/et_pb_text][\/et_pb_column][et_pb_column type=&#8220;3_5&#8243; _builder_version=&#8220;4.17.4&#8243; _module_preset=&#8220;default&#8220; custom_padding=&#8220;||||false|false&#8220; global_colors_info=&#8220;{}&#8220;][et_pb_image src=&#8220;https:\/\/gefluegelhof-lueck.de\/wp-content\/uploads\/2023\/08\/17_04_10_Lueck_Anfahrt.png&#8220; title_text=&#8220;17_04_10_Lueck_Anfahrt&#8220; _builder_version=&#8220;4.17.4&#8243; _module_preset=&#8220;default&#8220; background_color=&#8220;RGBA(255,255,255,0)&#8220; width=&#8220;110%&#8220; module_alignment=&#8220;center&#8220; custom_margin=&#8220;|0px|||false|false&#8220; custom_padding=&#8220;||||true|false&#8220; border_radii=&#8220;on|10px|10px|10px|10px&#8220; global_colors_info=&#8220;{}&#8220;][\/et_pb_image][\/et_pb_column][\/et_pb_row][\/et_pb_section]<\/p>\n","protected":false},"excerpt":{"rendered":"<p>Gefl\u00fcgelhof\u00a0L\u00fcckGefl\u00fcgelhaltung, Eierf\u00e4rberei\u00a0und Nudelproduktionmit Hand und HerzAktuelles auf einen Blick:Urlaubszeit 2026 Liebe Kunden, bitte beachten Sie in der Urlaubszeit unsere ge\u00e4nderten Verkaufszeiten an den Verkaufsstandorten und Wochenm\u00e4rkten. Unser Hofladen ist wie gewohnt, an den Wochentagen Mo. \u2013 Do. von 08:00 Uhr bis 13:00 Uhr Fr. von 08:00 Uhr bis 17:00 Uhr Sa. von 08:30 Uhr bis [&hellip;]<\/p>\n","protected":false},"author":1,"featured_media":0,"parent":0,"menu_order":0,"comment_status":"closed","ping_status":"closed","template":"","meta":{"_et_pb_use_builder":"on","_et_pb_old_content":"","_et_gb_content_width":"","footnotes":""},"class_list":["post-9","page","type-page","status-publish","hentry"],"_links":{"self":[{"href":"https:\/\/gefluegelhof-lueck.de\/index.php\/wp-json\/wp\/v2\/pages\/9","targetHints":{"allow":["GET"]}}],"collection":[{"href":"https:\/\/gefluegelhof-lueck.de\/index.php\/wp-json\/wp\/v2\/pages"}],"about":[{"href":"https:\/\/gefluegelhof-lueck.de\/index.php\/wp-json\/wp\/v2\/types\/page"}],"author":[{"embeddable":true,"href":"https:\/\/gefluegelhof-lueck.de\/index.php\/wp-json\/wp\/v2\/users\/1"}],"replies":[{"embeddable":true,"href":"https:\/\/gefluegelhof-lueck.de\/index.php\/wp-json\/wp\/v2\/comments?post=9"}],"version-history":[{"count":69,"href":"https:\/\/gefluegelhof-lueck.de\/index.php\/wp-json\/wp\/v2\/pages\/9\/revisions"}],"predecessor-version":[{"id":410,"href":"https:\/\/gefluegelhof-lueck.de\/index.php\/wp-json\/wp\/v2\/pages\/9\/revisions\/410"}],"wp:attachment":[{"href":"https:\/\/gefluegelhof-lueck.de\/index.php\/wp-json\/wp\/v2\/media?parent=9"}],"curies":[{"name":"wp","href":"https:\/\/api.w.org\/{rel}","templated":true}]}}